{"id":1047,"date":"2024-03-08T11:11:47","date_gmt":"2024-03-08T10:11:47","guid":{"rendered":"https:\/\/swp-dev.com\/asaf-test\/?page_id=1047"},"modified":"2024-04-28T16:40:05","modified_gmt":"2024-04-28T14:40:05","slug":"le-livre-coup-de-coeur","status":"publish","type":"page","link":"https:\/\/swp-dev.com\/asaf-test\/nos-actualites\/le-livre-coup-de-coeur\/","title":{"rendered":"Le livre coup de c\u0153ur"},"content":{"rendered":"<p>[et_pb_section fb_built=\u00a0\u00bb1&Prime; admin_label=\u00a0\u00bbSection Th\u00e9matiques\u00a0\u00bb _builder_version=\u00a0\u00bb4.24.3&Prime; custom_margin=\u00a0\u00bb0px|0px|0px|0px|true|true\u00a0\u00bb custom_padding=\u00a0\u00bb0px|0px|40px|0px|false|true\u00a0\u00bb global_colors_info=\u00a0\u00bb{}\u00a0\u00bb][et_pb_row _builder_version=\u00a0\u00bb4.24.3&Prime; background_size=\u00a0\u00bbinitial\u00a0\u00bb background_position=\u00a0\u00bbtop_left\u00a0\u00bb background_repeat=\u00a0\u00bbrepeat\u00a0\u00bb width=\u00a0\u00bb100%\u00a0\u00bb max_width=\u00a0\u00bb100%\u00a0\u00bb module_alignment=\u00a0\u00bbcenter\u00a0\u00bb custom_margin=\u00a0\u00bb0px||||false|false\u00a0\u00bb custom_padding=\u00a0\u00bb0px||||false|false\u00a0\u00bb global_colors_info=\u00a0\u00bb{}\u00a0\u00bb][et_pb_column type=\u00a0\u00bb4_4&Prime; _builder_version=\u00a0\u00bb4.16&Prime; custom_padding=\u00a0\u00bb|||\u00a0\u00bb global_colors_info=\u00a0\u00bb{}\u00a0\u00bb custom_padding__hover=\u00a0\u00bb|||\u00a0\u00bb][et_pb_image src=\u00a0\u00bbhttps:\/\/swp-dev.com\/asaf-test\/wp-content\/uploads\/2024\/04\/bandeau-livre-coup-de-coeur-1900&#215;290-1.jpg\u00a0\u00bb title_text=\u00a0\u00bbbandeau-livre-coup-de-coeur-1900&#215;290&Prime; force_fullwidth=\u00a0\u00bbon\u00a0\u00bb admin_label=\u00a0\u00bbImage bandeau Livre coup de coeur\u00a0\u00bb _builder_version=\u00a0\u00bb4.24.3&Prime; _module_preset=\u00a0\u00bbdefault\u00a0\u00bb global_colors_info=\u00a0\u00bb{}\u00a0\u00bb][\/et_pb_image][et_pb_text admin_label=\u00a0\u00bbh1 Livre coup de coeur\u00a0\u00bb _builder_version=\u00a0\u00bb4.25.0&Prime; _module_preset=\u00a0\u00bb96bf8191-23c7-47ba-bd5e-9226766feec2&Prime; global_colors_info=\u00a0\u00bb{}\u00a0\u00bb hover_enabled=\u00a0\u00bb0&Prime; sticky_enabled=\u00a0\u00bb0&Prime;]<\/p>\n<h1 style=\"text-align: center;\"><strong>Le livre coup de c\u0153ur de l&rsquo;ASAF<\/strong><\/h1>\n<p style=\"text-align: center;\">L\u2019ASAF vous recommande un ouvrage marquant pour son originalit\u00e9, son sujet, sa qualit\u00e9 d\u2019\u00e9criture. Il vous apporte un \u00e9clairage in\u00e9dit sur un \u00e9v\u00e8nement<br \/>ou une p\u00e9riode particuli\u00e8re.<\/p>\n<p>[\/et_pb_text][\/et_pb_column][\/et_pb_row][et_pb_row column_structure=\u00a0\u00bb2_5,3_5&Prime; _builder_version=\u00a0\u00bb4.24.3&Prime; _module_preset=\u00a0\u00bbdefault\u00a0\u00bb width=\u00a0\u00bb100%\u00a0\u00bb max_width=\u00a0\u00bb100%\u00a0\u00bb module_alignment=\u00a0\u00bbcenter\u00a0\u00bb custom_margin=\u00a0\u00bb40px|0px|0px|0px|false|true\u00a0\u00bb custom_padding=\u00a0\u00bb0px|5vw|0px|5vw|true|true\u00a0\u00bb global_colors_info=\u00a0\u00bb{}\u00a0\u00bb][et_pb_column type=\u00a0\u00bb2_5&Prime; _builder_version=\u00a0\u00bb4.24.3&Prime; _module_preset=\u00a0\u00bbdefault\u00a0\u00bb custom_padding=\u00a0\u00bb|0px||0px|false|true\u00a0\u00bb custom_css_main_element=\u00a0\u00bbwidth:30vw!important;margin:0 4vw 0 0!important;\u00a0\u00bb global_colors_info=\u00a0\u00bb{}\u00a0\u00bb][et_pb_text admin_label=\u00a0\u00bbtexte FICHE D\u2019IDENTIT\u00c9 DU LIVRE\u00a0\u00bb _builder_version=\u00a0\u00bb4.24.3&Prime; _dynamic_attributes=\u00a0\u00bblink_option_url\u00a0\u00bb _module_preset=\u00a0\u00bbdefault\u00a0\u00bb text_text_color=\u00a0\u00bb#FFFFFF\u00a0\u00bb text_font_size=\u00a0\u00bb20px\u00a0\u00bb header_2_text_color=\u00a0\u00bb#FFFFFF\u00a0\u00bb header_2_font_size=\u00a0\u00bb36px\u00a0\u00bb header_2_line_height=\u00a0\u00bb40px\u00a0\u00bb background_color=\u00a0\u00bb#00407D\u00a0\u00bb custom_margin=\u00a0\u00bb0px|0px||0px|false|true\u00a0\u00bb custom_padding=\u00a0\u00bb40px|2.5vw|40px|2.5vw|true|true\u00a0\u00bb link_option_url=\u00a0\u00bb@ET-DC@eyJkeW5hbWljIjp0cnVlLCJjb250ZW50IjoicG9zdF9saW5rX3VybF9wYWdlIiwic2V0dGluZ3MiOnsicG9zdF9pZCI6Ijc5OSJ9fQ==@\u00a0\u00bb header_2_font_size_tablet=\u00a0\u00bb26px\u00a0\u00bb header_2_font_size_phone=\u00a0\u00bb22px\u00a0\u00bb header_2_font_size_last_edited=\u00a0\u00bbon|tablet\u00a0\u00bb header_2_line_height_tablet=\u00a0\u00bb26px\u00a0\u00bb header_2_line_height_phone=\u00a0\u00bb22px\u00a0\u00bb header_2_line_height_last_edited=\u00a0\u00bbon|phone\u00a0\u00bb global_colors_info=\u00a0\u00bb{}\u00a0\u00bb]<\/p>\n<h2 style=\"text-align: center;\"><strong>FICHE D\u2019IDENTIT\u00c9 DU LIVRE<\/strong><\/h2>\n<p style=\"text-align: left;\">Titre :\u00a0\u00ab\u00a0La guerre froide en dentelles 1970-2022 &#8211; Guerre des ombres \u00e0 l&rsquo;est\u00a0\u00bb<\/p>\n<p style=\"text-align: left;\">Auteur :\u00a0Ren\u00e9 Cagnat<\/p>\n<p style=\"text-align: left;\">Date de parution :\u00a030\/03\/2023<\/p>\n<p style=\"text-align: left;\">Editeur :\u00a0Balland<\/p>\n<p style=\"text-align: left;\">ISBN :\u00a0978-2-940719-35-8<\/p>\n<p style=\"text-align: left;\">Pages :\u00a0259\u00a0pages<\/p>\n<p style=\"text-align: left;\">Prix :\u00a020,00\u20ac<\/p>\n<p>[\/et_pb_text][et_pb_image src=\u00a0\u00bbhttps:\/\/swp-dev.com\/asaf-test\/wp-content\/uploads\/2024\/04\/livre-coup-de-coeur-col.jpg\u00a0\u00bb title_text=\u00a0\u00bblivre-coup-de-coeur-col\u00a0\u00bb force_fullwidth=\u00a0\u00bbon\u00a0\u00bb admin_label=\u00a0\u00bbImage soldats tertre\u00a0\u00bb _builder_version=\u00a0\u00bb4.24.3&Prime; _module_preset=\u00a0\u00bbdefault\u00a0\u00bb custom_margin=\u00a0\u00bb0px|0px|0px|0px|true|true\u00a0\u00bb custom_padding=\u00a0\u00bb0px|0px|0px|0px|true|true\u00a0\u00bb global_colors_info=\u00a0\u00bb{}\u00a0\u00bb][\/et_pb_image][et_pb_text admin_label=\u00a0\u00bbTexte revue Engagement\u00a0\u00bb _builder_version=\u00a0\u00bb4.25.0&Prime; _dynamic_attributes=\u00a0\u00bblink_option_url\u00a0\u00bb _module_preset=\u00a0\u00bbdefault\u00a0\u00bb text_text_color=\u00a0\u00bb#FFFFFF\u00a0\u00bb text_font_size=\u00a0\u00bb20px\u00a0\u00bb header_2_text_color=\u00a0\u00bb#FFFFFF\u00a0\u00bb header_2_font_size=\u00a0\u00bb36px\u00a0\u00bb header_2_line_height=\u00a0\u00bb40px\u00a0\u00bb background_color=\u00a0\u00bb#AB0100&Prime; custom_margin=\u00a0\u00bb0px|0px|0px|0px|false|true\u00a0\u00bb custom_padding=\u00a0\u00bb40px|2.5vw|40px|2.5vw|false|true\u00a0\u00bb link_option_url=\u00a0\u00bb@ET-DC@eyJkeW5hbWljIjp0cnVlLCJjb250ZW50IjoicG9zdF9saW5rX3VybF9wYWdlIiwic2V0dGluZ3MiOnsicG9zdF9pZCI6IjcwNCJ9fQ==@\u00a0\u00bb header_2_font_size_tablet=\u00a0\u00bb26px\u00a0\u00bb header_2_font_size_phone=\u00a0\u00bb22px\u00a0\u00bb header_2_font_size_last_edited=\u00a0\u00bbon|desktop\u00a0\u00bb header_2_line_height_tablet=\u00a0\u00bb26px\u00a0\u00bb header_2_line_height_phone=\u00a0\u00bb26px\u00a0\u00bb header_2_line_height_last_edited=\u00a0\u00bbon|tablet\u00a0\u00bb global_module=\u00a0\u00bb2319&Prime; saved_tabs=\u00a0\u00bball\u00a0\u00bb global_colors_info=\u00a0\u00bb{}\u00a0\u00bb]<\/p>\n<h2 style=\"text-align: center;\"><strong>INDOCHINE 1954 \/ 2024<\/strong><\/h2>\n<hr style=\"text-align: center; height: 6px; background-color: #fff; margin-bottom: 25px;\" \/>\n<p style=\"text-align: center;\"><span style=\"font-size: x-large;\">D\u00e9couvrez notre dossier sp\u00e9cial<br \/>\u201c70 ANS APR\u00c8S\u201c<br \/>dans le dernier num\u00e9ro<\/span><\/p>\n<p><img loading=\"lazy\" decoding=\"async\" class=\"aligncenter wp-image-2068 size-full\" src=\"https:\/\/swp-dev.com\/asaf-test\/wp-content\/uploads\/2024\/04\/revue-engagement-indochine-avec-ombre-423x603-1.png\" alt=\"\" width=\"365\" height=\"520\" srcset=\"https:\/\/swp-dev.com\/asaf-test\/wp-content\/uploads\/2024\/04\/revue-engagement-indochine-avec-ombre-423x603-1.png 423w, https:\/\/swp-dev.com\/asaf-test\/wp-content\/uploads\/2024\/04\/revue-engagement-indochine-avec-ombre-423x603-1-210x300.png 210w\" sizes=\"auto, (max-width: 365px) 100vw, 365px\" \/><\/p>\n<p style=\"text-align: center;\">Cliquez ici &gt;&gt;<\/p>\n<p>[\/et_pb_text][\/et_pb_column][et_pb_column type=\u00a0\u00bb3_5&Prime; _builder_version=\u00a0\u00bb4.24.3&Prime; _module_preset=\u00a0\u00bbdefault\u00a0\u00bb custom_padding=\u00a0\u00bb|0px||0px|false|true\u00a0\u00bb custom_css_main_element=\u00a0\u00bbwidth:55vw!important;margin:0!important;\u00a0\u00bb global_colors_info=\u00a0\u00bb{}\u00a0\u00bb][et_pb_text admin_label=\u00a0\u00bbTexte Couverture et titre\u00a0\u00bb _builder_version=\u00a0\u00bb4.24.3&Prime; _module_preset=\u00a0\u00bbdefault\u00a0\u00bb global_colors_info=\u00a0\u00bb{}\u00a0\u00bb]<\/p>\n<p><img loading=\"lazy\" decoding=\"async\" class=\"wp-image-1955 size-large alignleft\" src=\"https:\/\/swp-dev.com\/asaf-test\/wp-content\/uploads\/2024\/04\/CC_cagnat-la-guerre-froide-en-dentelles-800x1286-1-637x1024.jpg\" alt=\"\" width=\"500\" height=\"804\" srcset=\"https:\/\/swp-dev.com\/asaf-test\/wp-content\/uploads\/2024\/04\/CC_cagnat-la-guerre-froide-en-dentelles-800x1286-1-637x1024.jpg 500w, https:\/\/swp-dev.com\/asaf-test\/wp-content\/uploads\/2024\/04\/CC_cagnat-la-guerre-froide-en-dentelles-800x1286-1-480x772.jpg 480w\" sizes=\"auto, (min-width: 0px) and (max-width: 480px) 480px, (min-width: 481px) 500px, 100vw\" \/><span style=\"font-size: 20pt; color: #00407d;\"><\/span><\/p>\n<p><span style=\"font-size: 20pt; color: #00407d;\"><\/span><\/p>\n<p><span style=\"font-size: 20pt; color: #00407d;\">\u00ab\u00a0LA GUERRE FROIDE EN DENTELLES 1970-2022<br \/>Guerre des ombres \u00e0 l&rsquo;est\u00a0\u00bb<\/span><br \/><span style=\"color: #ab0100;\">01 mars 2024<\/span><\/p>\n<p>[\/et_pb_text][et_pb_text _builder_version=\u00a0\u00bb4.25.0&Prime; _module_preset=\u00a0\u00bbdefault\u00a0\u00bb custom_margin=\u00a0\u00bb40px||10px||false|false\u00a0\u00bb custom_css_main_element=\u00a0\u00bbclear:both;\u00a0\u00bb global_colors_info=\u00a0\u00bb{}\u00a0\u00bb]<\/p>\n<p>&nbsp;<\/p>\n<p style=\"color: #ab0100; font-size: 24px;\">PR\u00c9SENTATION DU LIVRE<\/p>\n<p>\u00ab Ma nomination \u00e0 Moscou, \u00e0 l&rsquo;automne de 1970, en tant qu&rsquo;attach\u00e9 militaire adjoint alors que j&rsquo;\u00e9tais rattach\u00e9 en fait, secr\u00e8tement, au SDECE, le fameux Service de documentation et de contre-espionnage, et le d\u00e9but d&rsquo;une vie consacr\u00e9e au \u00ab\u00a0renseignement\u00a0\u00bb . Il ne s&rsquo;agit dans ce livre de d\u00e9crire \u00ab\u00a0l&rsquo;\u00e9trange survie\u00a0\u00bb de petites \u00e9quipes noy\u00e9es dans un milieu totalement hostile et n\u00e9anmoins acharn\u00e9es \u00e0 informer \u00ab\u00a0la Maison m\u00e8re\u00a0\u00bb de ce qu&rsquo;elles observent.<\/p>\n<p>Une sorte de \u00ab\u00a0Grand Jeu\u00a0\u00bb men\u00e9 dans un environnement tr\u00e8s difficile, certes, mais avec courtoisie et dans une ambiance \u00ab\u00a0diplomatique\u00a0\u00bb plut\u00f4t d\u00e9tendue. Nous f\u00fbmes confront\u00e9s, en effet, tout au long de la Guerre froide et m\u00eame apr\u00e8s, \u00e0 une lutte qui &#8211; si feutr\u00e9e f\u00fbt elle \u00e9tait impitoyable. Elle pouvait aboutir \u00e0 l&rsquo;ex\u00e9cution cach\u00e9e, voire \u00e0 la trahison ou au suicide d&rsquo;un officier : trop isol\u00e9, il avait perdu ses d\u00e9fenses et s&rsquo;\u00e9tait laiss\u00e9 envahir par la peur de l&rsquo;ennemi ou par les tentations dont l&rsquo;adversaire l&rsquo;entourait.<\/p>\n<p>Qu&rsquo;on se souvienne toujours, en lisant ce livre, que l&rsquo;humour et le rocambolesque des situations nous permettaient de tenir bon. En revanche, se prendre trop au s\u00e9rieux n&rsquo;\u00e9tait qu&rsquo;une pente glissante vers la d\u00e9pression, la division de notre petite communaut\u00e9, l&rsquo;infiltration puis le succ\u00e8s de l&rsquo;adversaire. La bonne humeur, voire l&rsquo;esprit gaulois nous ont pr\u00e9serv\u00e9s tout autant que l&rsquo;amiti\u00e9 et le refus du d\u00e9shonneur ! \u00bb<\/p>\n<p>&nbsp;<\/p>\n<p>&nbsp;<\/p>\n<p><span style=\"color: #00407d; text-transform: uppercase;\"><strong> Le livre vous int\u00e9resse ?<\/strong><\/span><br \/>Rendez-vous sur le site Decitre.fr pour le commander en cliquant <a href=\"https:\/\/www.decitre.fr\/livres\/la-guerre-froide-en-dentelles-1970-2022-9782940719358.html\" target=\"_blank\" rel=\"noopener\">ici &gt;&gt;<\/a><\/p>\n<p><span style=\"color: #00407d; text-transform: uppercase;\"><strong>Le livre vous a int\u00e9ress\u00e9 ?<\/strong><\/span><br \/>Cr\u00e9ez une publication pour le soutenir sur les r\u00e9seaux sociaux :<\/p>\n<p>[\/et_pb_text][et_pb_text disabled_on=\u00a0\u00bbon|on|off\u00a0\u00bb admin_label=\u00a0\u00bbTetx Rejoignez nou reseaux sociaux\u00a0\u00bb _builder_version=\u00a0\u00bb4.24.3&Prime; _module_preset=\u00a0\u00bbdefault\u00a0\u00bb module_alignment=\u00a0\u00bbleft\u00a0\u00bb custom_margin=\u00a0\u00bb||||false|false\u00a0\u00bb custom_margin_tablet=\u00a0\u00bb||||false|false\u00a0\u00bb custom_margin_phone=\u00a0\u00bb||||false|false\u00a0\u00bb custom_margin_last_edited=\u00a0\u00bbon|tablet\u00a0\u00bb custom_padding=\u00a0\u00bb|||0px|false|false\u00a0\u00bb locked=\u00a0\u00bboff\u00a0\u00bb global_colors_info=\u00a0\u00bb{}\u00a0\u00bb]<\/p>\n<p style=\"text-align: left;\"><a title=\"voir notre page Facebook\" href=\"https:\/\/www.facebook.com\/ASAFnational\" target=\"_blank\" rel=\"noopener\"><i class=\"fa-brands fa-facebook fa-2xl\" style=\"color: #003f7d;\"><\/i>\u00a0<\/a>\u00a0\u00a0<a title=\"voir notre page X (ex-Twitter)\" href=\"https:\/\/twitter.com\/ASAFRANCE2\" target=\"_blank\" rel=\"noopener\"><i class=\"fa-brands fa-x-twitter fa-2xl\" style=\"color: #003f7d;\"><\/i>\u00a0\u00a0<\/a>\u00a0\u00a0<a title=\"voir notre chaine Youtube\" href=\"https:\/\/www.youtube.com\/@associationdesoutienalarme7421\" target=\"_blank\" rel=\"noopener\"><i class=\"fa-brands fa-youtube fa-2xl\" style=\"color: #003f7d;\"><\/i>\u00a0<\/a>\u00a0\u00a0<a title=\"voir notre page Linkedin\" href=\"https:\/\/www.linkedin.com\/company\/asaffrance\/\" target=\"_blank\" rel=\"noopener\"><i class=\"fa-brands fa-linkedin fa-2xl\" style=\"color: #003f7d;\"><\/i>\u00a0<\/a><\/p>\n<p>[\/et_pb_text][\/et_pb_column][\/et_pb_row][et_pb_row column_structure=\u00a0\u00bb1_3,1_3,1_3&Prime; use_custom_gutter=\u00a0\u00bbon\u00a0\u00bb gutter_width=\u00a0\u00bb1&Prime; admin_label=\u00a0\u00bbLigne bordure haute 3 colonnes bleu blanc rouge 3&#215;30%\u00a0\u00bb _builder_version=\u00a0\u00bb4.24.3&Prime; _module_preset=\u00a0\u00bbdefault\u00a0\u00bb width=\u00a0\u00bb100vw\u00a0\u00bb max_width=\u00a0\u00bb100vw\u00a0\u00bb module_alignment=\u00a0\u00bbcenter\u00a0\u00bb custom_margin=\u00a0\u00bb|0px||0px|false|true\u00a0\u00bb custom_padding=\u00a0\u00bb|5vw||5vw|false|true\u00a0\u00bb global_module=\u00a0\u00bb2002&Prime; saved_tabs=\u00a0\u00bball\u00a0\u00bb locked=\u00a0\u00bboff\u00a0\u00bb collapsed=\u00a0\u00bbon\u00a0\u00bb global_colors_info=\u00a0\u00bb{}\u00a0\u00bb][et_pb_column type=\u00a0\u00bb1_3&Prime; _builder_version=\u00a0\u00bb4.24.3&Prime; _module_preset=\u00a0\u00bbdefault\u00a0\u00bb custom_padding=\u00a0\u00bb0px||0px||true|false\u00a0\u00bb border_width_top=\u00a0\u00bb10px\u00a0\u00bb border_color_top=\u00a0\u00bb#00407D\u00a0\u00bb global_colors_info=\u00a0\u00bb{}\u00a0\u00bb][et_pb_text admin_label=\u00a0\u00bbTexte Abonnez-vous \u00e0 \u00ab l\u2019\u0152il de l\u2019ASAF\u00bb(lettre d\u2019infos mensuelle gratuite)>>\u00a0\u00bb _builder_version=\u00a0\u00bb4.24.3&Prime; _module_preset=\u00a0\u00bbdefault\u00a0\u00bb text_text_color=\u00a0\u00bb#00407D\u00a0\u00bb text_font_size=\u00a0\u00bb18px\u00a0\u00bb link_text_color=\u00a0\u00bb#00407D\u00a0\u00bb custom_margin=\u00a0\u00bb0px||||false|false\u00a0\u00bb custom_padding=\u00a0\u00bb20px||||false|false\u00a0\u00bb global_colors_info=\u00a0\u00bb{}\u00a0\u00bb]<\/p>\n<p style=\"text-align: center;\"><a classe=\"bleu\" href=\"https:\/\/swp-dev.com\/asaf-test\/boutique\/revues\/\" target=\"_blank\" rel=\"noopener\">Abonnez-vous \u00e0 \u00ab l\u2019\u0152il de l\u2019ASAF\u00bb<br \/>(lettre d\u2019infos mensuelle gratuite)<br \/>&gt;&gt;<\/a><\/p>\n<p>[\/et_pb_text][\/et_pb_column][et_pb_column type=\u00a0\u00bb1_3&Prime; _builder_version=\u00a0\u00bb4.24.3&Prime; _module_preset=\u00a0\u00bbdefault\u00a0\u00bb custom_padding=\u00a0\u00bb0px||0px||true|false\u00a0\u00bb border_width_top=\u00a0\u00bb10px\u00a0\u00bb border_color_top=\u00a0\u00bb#FFFFFF\u00a0\u00bb global_colors_info=\u00a0\u00bb{}\u00a0\u00bb][et_pb_text admin_label=\u00a0\u00bbTexte Vous souhaitez rejoindre l\u2019ASAF ?<br \/>\nCliquez ici<br \/>\n>>\u00a0\u00bb _builder_version=\u00a0\u00bb4.24.3&Prime; _module_preset=\u00a0\u00bbdefault\u00a0\u00bb text_text_color=\u00a0\u00bb#333333&Prime; text_font_size=\u00a0\u00bb18px\u00a0\u00bb link_text_color=\u00a0\u00bb#333333&Prime; custom_margin=\u00a0\u00bb0px||||false|false\u00a0\u00bb custom_padding=\u00a0\u00bb20px||||false|false\u00a0\u00bb global_colors_info=\u00a0\u00bb{}\u00a0\u00bb]<\/p>\n<p style=\"text-align: center;\"><a style=\"color: #333;\" href=\"https:\/\/swp-dev.com\/asaf-test\/l-asaf\/adherer-a-l-asaf\/\" target=\"_blank\" rel=\"noopener\">Vous souhaitez rejoindre l\u2019ASAF ?<br \/>Cliquez ici<br \/>&gt;&gt;<\/a><\/p>\n<p>[\/et_pb_text][\/et_pb_column][et_pb_column type=\u00a0\u00bb1_3&Prime; _builder_version=\u00a0\u00bb4.24.3&Prime; _module_preset=\u00a0\u00bbdefault\u00a0\u00bb custom_padding=\u00a0\u00bb0px||0px||true|false\u00a0\u00bb border_width_top=\u00a0\u00bb10px\u00a0\u00bb border_color_top=\u00a0\u00bb#AB0100&Prime; global_colors_info=\u00a0\u00bb{}\u00a0\u00bb][et_pb_text admin_label=\u00a0\u00bbTexte Commander le dernier num\u00e9ro<br \/>\nde la revue ENGAGEMENT<br \/>\n>>\u00a0\u00bb _builder_version=\u00a0\u00bb4.24.3&Prime; _module_preset=\u00a0\u00bbdefault\u00a0\u00bb text_text_color=\u00a0\u00bb#AB0100&Prime; text_font_size=\u00a0\u00bb18px\u00a0\u00bb link_text_color=\u00a0\u00bb#AB0100&Prime; custom_padding=\u00a0\u00bb20px||||false|false\u00a0\u00bb global_colors_info=\u00a0\u00bb{}\u00a0\u00bb]<\/p>\n<p style=\"text-align: center;\"><a class=\"rouge\" href=\"https:\/\/swp-dev.com\/asaf-test\/nos-actualites\/revue-dernier-numero\/\" target=\"_blank\" rel=\"noopener\">Commander le dernier num\u00e9ro<br \/>de la revue ENGAGEMENT<br \/>&gt;&gt;<\/a><\/p>\n<p>[\/et_pb_text][\/et_pb_column][\/et_pb_row][\/et_pb_section]<\/p>\n","protected":false},"excerpt":{"rendered":"<p>Le livre coup de c\u0153ur de l&rsquo;ASAF L\u2019ASAF vous recommande un ouvrage marquant pour son originalit\u00e9, son sujet, sa qualit\u00e9 d\u2019\u00e9criture. Il vous apporte un \u00e9clairage in\u00e9dit sur un \u00e9v\u00e8nementou une p\u00e9riode particuli\u00e8re.FICHE D\u2019IDENTIT\u00c9 DU LIVRE Titre :\u00a0\u00ab\u00a0La guerre froide en dentelles 1970-2022 &#8211; Guerre des ombres \u00e0 l&rsquo;est\u00a0\u00bb Auteur :\u00a0Ren\u00e9 Cagnat Date de parution [&hellip;]<\/p>\n","protected":false},"author":1,"featured_media":0,"parent":359,"menu_order":70,"comment_status":"closed","ping_status":"closed","template":"","meta":{"_et_pb_use_builder":"on","_et_pb_old_content":"<h1>Derni\u00e8res actus<\/h1>","_et_gb_content_width":"","footnotes":""},"class_list":["post-1047","page","type-page","status-publish","hentry"],"_links":{"self":[{"href":"https:\/\/swp-dev.com\/asaf-test\/wp-json\/wp\/v2\/pages\/1047","targetHints":{"allow":["GET"]}}],"collection":[{"href":"https:\/\/swp-dev.com\/asaf-test\/wp-json\/wp\/v2\/pages"}],"about":[{"href":"https:\/\/swp-dev.com\/asaf-test\/wp-json\/wp\/v2\/types\/page"}],"author":[{"embeddable":true,"href":"https:\/\/swp-dev.com\/asaf-test\/wp-json\/wp\/v2\/users\/1"}],"replies":[{"embeddable":true,"href":"https:\/\/swp-dev.com\/asaf-test\/wp-json\/wp\/v2\/comments?post=1047"}],"version-history":[{"count":53,"href":"https:\/\/swp-dev.com\/asaf-test\/wp-json\/wp\/v2\/pages\/1047\/revisions"}],"predecessor-version":[{"id":2878,"href":"https:\/\/swp-dev.com\/asaf-test\/wp-json\/wp\/v2\/pages\/1047\/revisions\/2878"}],"up":[{"embeddable":true,"href":"https:\/\/swp-dev.com\/asaf-test\/wp-json\/wp\/v2\/pages\/359"}],"wp:attachment":[{"href":"https:\/\/swp-dev.com\/asaf-test\/wp-json\/wp\/v2\/media?parent=1047"}],"curies":[{"name":"wp","href":"https:\/\/api.w.org\/{rel}","templated":true}]}}