{"id":704,"date":"2024-02-29T14:06:45","date_gmt":"2024-02-29T13:06:45","guid":{"rendered":"https:\/\/swp-dev.com\/asaf-test\/?page_id=704"},"modified":"2024-04-30T17:22:52","modified_gmt":"2024-04-30T15:22:52","slug":"special-indochine-70-ans","status":"publish","type":"page","link":"https:\/\/swp-dev.com\/asaf-test\/nos-actualites\/special-indochine-70-ans\/","title":{"rendered":"Sp\u00e9cial Indochine (70 ans)"},"content":{"rendered":"<p>[et_pb_section fb_built=\u00a0\u00bb1&Prime; _builder_version=\u00a0\u00bb4.24.3&Prime; custom_padding=\u00a0\u00bb0px||||false|false\u00a0\u00bb global_colors_info=\u00a0\u00bb{}\u00a0\u00bb][et_pb_row _builder_version=\u00a0\u00bb4.24.3&Prime; background_size=\u00a0\u00bbinitial\u00a0\u00bb background_position=\u00a0\u00bbtop_left\u00a0\u00bb background_repeat=\u00a0\u00bbrepeat\u00a0\u00bb width=\u00a0\u00bb100%\u00a0\u00bb max_width=\u00a0\u00bb100%\u00a0\u00bb module_alignment=\u00a0\u00bbcenter\u00a0\u00bb custom_margin=\u00a0\u00bb0px|0px||0px|false|true\u00a0\u00bb custom_padding=\u00a0\u00bb0px|0px||0px|false|true\u00a0\u00bb global_colors_info=\u00a0\u00bb{}\u00a0\u00bb][et_pb_column type=\u00a0\u00bb4_4&Prime; _builder_version=\u00a0\u00bb4.16&Prime; custom_padding=\u00a0\u00bb|||\u00a0\u00bb global_colors_info=\u00a0\u00bb{}\u00a0\u00bb custom_padding__hover=\u00a0\u00bb|||\u00a0\u00bb][et_pb_image src=\u00a0\u00bbhttps:\/\/swp-dev.com\/asaf-test\/wp-content\/uploads\/2024\/04\/bandeau-indochine-70-ans-apres-1900&#215;290-1.jpg\u00a0\u00bb title_text=\u00a0\u00bbbandeau-indochine-70-ans-apres-1900&#215;290&Prime; align=\u00a0\u00bbcenter\u00a0\u00bb force_fullwidth=\u00a0\u00bbon\u00a0\u00bb admin_label=\u00a0\u00bbImage 1900&#215;290&Prime; _builder_version=\u00a0\u00bb4.25.0&Prime; _module_preset=\u00a0\u00bbdefault\u00a0\u00bb global_colors_info=\u00a0\u00bb{}\u00a0\u00bb][\/et_pb_image][et_pb_text admin_label=\u00a0\u00bbh1L&rsquo;indochine 70 ans apr\u00e8s\u00a0\u00bb _builder_version=\u00a0\u00bb4.25.0&Prime; _module_preset=\u00a0\u00bb96bf8191-23c7-47ba-bd5e-9226766feec2&Prime; text_font=\u00a0\u00bb|600|||||||\u00a0\u00bb header_font=\u00a0\u00bb|||on|||||\u00a0\u00bb global_colors_info=\u00a0\u00bb{}\u00a0\u00bb]<\/p>\n<h1 style=\"text-align: center;\">L&rsquo;indochine 70 ans apr\u00e8s<\/h1>\n<p style=\"text-align: center;\">L\u2019Indochine, 70 ans apr\u00e8s. Une guerre lointaine et meurtri\u00e8re au cours de laquelle l\u2019h\u00e9ro\u00efsme et le courage des combattants ont \u00e9t\u00e9 exemplaires.<br \/>Retrouvez sur cette page les \u00e9v\u00e8nements et publications relatifs aux comm\u00e9morations de la fin de la guerre d\u2019Indochine.<\/p>\n<p>[\/et_pb_text][\/et_pb_column][\/et_pb_row][et_pb_row column_structure=\u00a0\u00bb2_5,3_5&Prime; admin_label=\u00a0\u00bbLigne 1+1 colonnes\u00a0\u00bb _builder_version=\u00a0\u00bb4.24.3&Prime; _module_preset=\u00a0\u00bbdefault\u00a0\u00bb width=\u00a0\u00bb100%\u00a0\u00bb max_width=\u00a0\u00bb100%\u00a0\u00bb module_alignment=\u00a0\u00bbcenter\u00a0\u00bb custom_margin=\u00a0\u00bb0px|0px|0px|0px|true|true\u00a0\u00bb custom_padding=\u00a0\u00bb0px|5vw|0px|5vw|true|true\u00a0\u00bb global_colors_info=\u00a0\u00bb{}\u00a0\u00bb][et_pb_column type=\u00a0\u00bb2_5&Prime; _builder_version=\u00a0\u00bb4.24.3&Prime; _module_preset=\u00a0\u00bbdefault\u00a0\u00bb custom_padding=\u00a0\u00bb|0px||0px|false|true\u00a0\u00bb custom_css_main_element=\u00a0\u00bbwidth:30vw!important;margin:0 4vw 0 0!important;\u00a0\u00bb global_colors_info=\u00a0\u00bb{}\u00a0\u00bb][et_pb_image src=\u00a0\u00bbhttps:\/\/swp-dev.com\/asaf-test\/wp-content\/uploads\/2024\/02\/photo-gen-delteil-conference-indochine.jpeg\u00a0\u00bb title_text=\u00a0\u00bbphoto-gen-delteil-conference-indochine\u00a0\u00bb force_fullwidth=\u00a0\u00bbon\u00a0\u00bb admin_label=\u00a0\u00bbImage h\u00e9licopt\u00e8re\u00a0\u00bb _builder_version=\u00a0\u00bb4.25.0&Prime; _module_preset=\u00a0\u00bbdefault\u00a0\u00bb custom_margin=\u00a0\u00bb0px|0px|40px|0px|false|true\u00a0\u00bb custom_padding=\u00a0\u00bb0px|0px|0px|0px|true|true\u00a0\u00bb global_colors_info=\u00a0\u00bb{}\u00a0\u00bb][\/et_pb_image][et_pb_text admin_label=\u00a0\u00bbTexte revue Engagement\u00a0\u00bb _builder_version=\u00a0\u00bb4.25.0&Prime; _dynamic_attributes=\u00a0\u00bblink_option_url\u00a0\u00bb _module_preset=\u00a0\u00bbdefault\u00a0\u00bb text_text_color=\u00a0\u00bb#FFFFFF\u00a0\u00bb background_color=\u00a0\u00bb#AB0100&Prime; custom_margin=\u00a0\u00bb|0px|40px|0px|false|true\u00a0\u00bb custom_padding=\u00a0\u00bb40px|0px|40px|0px|true|true\u00a0\u00bb link_option_url=\u00a0\u00bb@ET-DC@eyJkeW5hbWljIjp0cnVlLCJjb250ZW50IjoicG9zdF9saW5rX3VybF9wYWdlIiwic2V0dGluZ3MiOnsicG9zdF9pZCI6IjgwOCJ9fQ==@\u00a0\u00bb global_module=\u00a0\u00bb2154&Prime; saved_tabs=\u00a0\u00bball\u00a0\u00bb global_colors_info=\u00a0\u00bb{}\u00a0\u00bb]<\/p>\n<p><img loading=\"lazy\" decoding=\"async\" class=\"aligncenter wp-image-2084 size-full\" src=\"https:\/\/swp-dev.com\/asaf-test\/wp-content\/uploads\/2024\/04\/couv-engagment-141-363x523-1.png\" alt=\"\" width=\"363\" height=\"523\" srcset=\"https:\/\/swp-dev.com\/asaf-test\/wp-content\/uploads\/2024\/04\/couv-engagment-141-363x523-1.png 363w, https:\/\/swp-dev.com\/asaf-test\/wp-content\/uploads\/2024\/04\/couv-engagment-141-363x523-1-208x300.png 208w\" sizes=\"auto, (max-width: 363px) 100vw, 363px\" \/><\/p>\n<p style=\"text-align: center;\"><span style=\"font-size: xx-large;\"><strong>NOTRE REVUE<\/strong><\/span><br \/><strong>116 pages de passion<\/strong><br \/><strong>pour l&rsquo;Esprit de D\u00e9fense !<\/strong><br \/>A d\u00e9couvrir 4 fois par an &gt;&gt;<\/p>\n<p>[\/et_pb_text][\/et_pb_column][et_pb_column type=\u00a0\u00bb3_5&Prime; _builder_version=\u00a0\u00bb4.24.3&Prime; _module_preset=\u00a0\u00bbdefault\u00a0\u00bb custom_padding=\u00a0\u00bb|0px||0px|false|true\u00a0\u00bb custom_css_main_element=\u00a0\u00bbwidth:55vw!important;margin:0!important;\u00a0\u00bb global_colors_info=\u00a0\u00bb{}\u00a0\u00bb][et_pb_text _builder_version=\u00a0\u00bb4.25.0&Prime; _module_preset=\u00a0\u00bbdefault\u00a0\u00bb header_text_color=\u00a0\u00bb#00407D\u00a0\u00bb header_2_text_color=\u00a0\u00bb#00407D\u00a0\u00bb animation_style=\u00a0\u00bbfade\u00a0\u00bb hover_enabled=\u00a0\u00bb0&Prime; global_colors_info=\u00a0\u00bb{}\u00a0\u00bb sticky_enabled=\u00a0\u00bb0&Prime;]<\/p>\n<h2 style=\"font-size: 40pt;\">Indochine fran\u00e7aise,<br \/>une page d&rsquo;histoire \u00e0 honorer<\/h2>\n<p>&nbsp;<\/p>\n<p><span style=\"color: #ab0100; font-size: 30pt;\"><strong>DU SANG ET DES LARMES<\/strong><\/span><\/p>\n<p>Le 20 juillet 1954, \u00e0 Gen\u00e8ve, le G\u00e9n\u00e9ral de brigade Henri Delteil, repr\u00e9sentant le commandant en chef des forces de l\u2019Union fran\u00e7aise en Indochine et M.Ta Quang Buu, vice-ministre de la d\u00e9fense nationale de la r\u00e9publique d\u00e9mocratique du Vietnam, signaient un accord de cessation des hostilit\u00e9s au Vietnam, mettant fin, ainsi, \u00e0 une guerre, commenc\u00e9e en 1946, et dont les pertes militaires s\u2019\u00e9lev\u00e8rent \u00e0 92.000, c\u00f4t\u00e9 fran\u00e7ais, et environ 500.000, c\u00f4t\u00e9 vietnamien.<\/p>\n<p>Tout au long de ces 9 ann\u00e9es, les souffrances et actes de courage des soldats fran\u00e7ais n\u2019ont pas manqu\u00e9, quand bien m\u00eame tous leurs faits d\u2019armes n\u2019aient pas connu le retentissement de la bataille de la RC4 (automne 1950) ou de la bataille de Dien Bien Phu (13\/3-7\/5 1954) dont nous comm\u00e9morerons, \u00e9galement, cette ann\u00e9e le 70e anniversaire.<\/p>\n<p>Loin de la m\u00e9tropole, coup\u00e9s du soutien d\u2019une population qui se remettait lentement de la guerre contre les nazis et d\u00e9cri\u00e9s par une partie de l\u2019opinion, ces soldats ont eu d\u2019autant plus de m\u00e9rite de se battre pour une cause que tous les Fran\u00e7ais ne partageaient pas.<\/p>\n<p>&nbsp;<\/p>\n<p><strong><span style=\"color: #00407d; font-size: 30pt;\">L&rsquo;ASAF SE SOUVIENT<\/span><\/strong><\/p>\n<p>Comm\u00e9morer cette guerre et cette d\u00e9faite, c\u2019est d\u2019abord et surtout rendre un hommage encore plus vibrant \u00e0 ces hommes qui se battaient pour des valeurs telles que le sens de l\u2019honneur, le courage, la solidarit\u00e9, la fid\u00e9lit\u00e9 au chef\u2026<\/p>\n<p>L\u2019arm\u00e9e, aujourd\u2019hui, perp\u00e9tue leur m\u00e9moire, comme celle de tous ceux qui ont servi la Patrie sous les armes en adh\u00e9rant \u00e0 une m\u00eame notion que rappelle l\u2019article L.411-1 du Code de la D\u00e9fense :<br \/><em>\u201cL&rsquo;\u00e9tat militaire exige en toute circonstance esprit de sacrifice, pouvant aller jusqu&rsquo;au sacrifice supr\u00eame, discipline, disponibilit\u00e9, loyalisme et neutralit\u00e9. Les devoirs qu&rsquo;il comporte et les suj\u00e9tions qu&rsquo;il implique m\u00e9ritent le respect des citoyens et la consid\u00e9ration de la Nation<\/em>.\u201d<\/p>\n<p>C\u2019est dans ce cadre que l\u2019ASAF consacrera en 2024 une s\u00e9rie d\u2019articles et de reportages \u00e0 cette page d\u2019histoire dont la France n\u2019a pas \u00e0 rougir.<\/p>\n<p>&nbsp;<\/p>\n<p><strong>Pr\u00e9parez-vous \u00e0 participer aux comm\u00e9morations et manifestations qui sont organis\u00e9es tout au long de l\u2019ann\u00e9e 2024\u00a0!<\/strong><\/p>\n<p>La r\u00e9daction de l\u2019ASAF<\/p>\n<p>[\/et_pb_text][\/et_pb_column][\/et_pb_row][et_pb_row column_structure=\u00a0\u00bb1_3,1_3,1_3&Prime; use_custom_gutter=\u00a0\u00bbon\u00a0\u00bb gutter_width=\u00a0\u00bb1&Prime; admin_label=\u00a0\u00bbLigne bordure haute 3 colonnes bleu blanc rouge 3&#215;30%\u00a0\u00bb _builder_version=\u00a0\u00bb4.24.3&Prime; _module_preset=\u00a0\u00bbdefault\u00a0\u00bb width=\u00a0\u00bb100vw\u00a0\u00bb max_width=\u00a0\u00bb100vw\u00a0\u00bb module_alignment=\u00a0\u00bbcenter\u00a0\u00bb custom_margin=\u00a0\u00bb|0px||0px|false|true\u00a0\u00bb custom_padding=\u00a0\u00bb|5vw||5vw|false|true\u00a0\u00bb global_module=\u00a0\u00bb2002&Prime; collapsed=\u00a0\u00bbon\u00a0\u00bb global_colors_info=\u00a0\u00bb{}\u00a0\u00bb][et_pb_column type=\u00a0\u00bb1_3&Prime; _builder_version=\u00a0\u00bb4.24.3&Prime; _module_preset=\u00a0\u00bbdefault\u00a0\u00bb custom_padding=\u00a0\u00bb0px||0px||true|false\u00a0\u00bb border_width_top=\u00a0\u00bb10px\u00a0\u00bb border_color_top=\u00a0\u00bb#00407D\u00a0\u00bb global_colors_info=\u00a0\u00bb{}\u00a0\u00bb][et_pb_text admin_label=\u00a0\u00bbTexte Abonnez-vous \u00e0 \u00ab l\u2019\u0152il de l\u2019ASAF\u00bb(lettre d\u2019infos mensuelle gratuite)>>\u00a0\u00bb _builder_version=\u00a0\u00bb4.24.3&Prime; _module_preset=\u00a0\u00bbdefault\u00a0\u00bb text_text_color=\u00a0\u00bb#00407D\u00a0\u00bb text_font_size=\u00a0\u00bb18px\u00a0\u00bb link_text_color=\u00a0\u00bb#00407D\u00a0\u00bb custom_margin=\u00a0\u00bb0px||||false|false\u00a0\u00bb custom_padding=\u00a0\u00bb20px||||false|false\u00a0\u00bb global_colors_info=\u00a0\u00bb{}\u00a0\u00bb]<\/p>\n<p style=\"text-align: center;\"><a classe=\"bleu\" href=\"https:\/\/swp-dev.com\/asaf-test\/boutique\/revues\/\" target=\"_blank\" rel=\"noopener\">Abonnez-vous \u00e0 \u00ab l\u2019\u0152il de l\u2019ASAF\u00bb<br \/>(lettre d\u2019infos mensuelle gratuite)<br \/>&gt;&gt;<\/a><\/p>\n<p>[\/et_pb_text][\/et_pb_column][et_pb_column type=\u00a0\u00bb1_3&Prime; _builder_version=\u00a0\u00bb4.24.3&Prime; _module_preset=\u00a0\u00bbdefault\u00a0\u00bb custom_padding=\u00a0\u00bb0px||0px||true|false\u00a0\u00bb border_width_top=\u00a0\u00bb10px\u00a0\u00bb border_color_top=\u00a0\u00bb#FFFFFF\u00a0\u00bb global_colors_info=\u00a0\u00bb{}\u00a0\u00bb][et_pb_text admin_label=\u00a0\u00bbTexte Vous souhaitez rejoindre l\u2019ASAF ?<br \/>\nCliquez ici<br \/>\n>>\u00a0\u00bb _builder_version=\u00a0\u00bb4.24.3&Prime; _module_preset=\u00a0\u00bbdefault\u00a0\u00bb text_text_color=\u00a0\u00bb#333333&Prime; text_font_size=\u00a0\u00bb18px\u00a0\u00bb link_text_color=\u00a0\u00bb#333333&Prime; custom_margin=\u00a0\u00bb0px||||false|false\u00a0\u00bb custom_padding=\u00a0\u00bb20px||||false|false\u00a0\u00bb global_colors_info=\u00a0\u00bb{}\u00a0\u00bb]<\/p>\n<p style=\"text-align: center;\"><a style=\"color: #333;\" href=\"https:\/\/swp-dev.com\/asaf-test\/l-asaf\/adherer-a-l-asaf\/\" target=\"_blank\" rel=\"noopener\">Vous souhaitez rejoindre l\u2019ASAF ?<br \/>Cliquez ici<br \/>&gt;&gt;<\/a><\/p>\n<p>[\/et_pb_text][\/et_pb_column][et_pb_column type=\u00a0\u00bb1_3&Prime; _builder_version=\u00a0\u00bb4.24.3&Prime; _module_preset=\u00a0\u00bbdefault\u00a0\u00bb custom_padding=\u00a0\u00bb0px||0px||true|false\u00a0\u00bb border_width_top=\u00a0\u00bb10px\u00a0\u00bb border_color_top=\u00a0\u00bb#AB0100&Prime; global_colors_info=\u00a0\u00bb{}\u00a0\u00bb][et_pb_text admin_label=\u00a0\u00bbTexte Commander le dernier num\u00e9ro<br \/>\nde la revue ENGAGEMENT<br \/>\n>>\u00a0\u00bb _builder_version=\u00a0\u00bb4.24.3&Prime; _module_preset=\u00a0\u00bbdefault\u00a0\u00bb text_text_color=\u00a0\u00bb#AB0100&Prime; text_font_size=\u00a0\u00bb18px\u00a0\u00bb link_text_color=\u00a0\u00bb#AB0100&Prime; custom_padding=\u00a0\u00bb20px||||false|false\u00a0\u00bb global_colors_info=\u00a0\u00bb{}\u00a0\u00bb]<\/p>\n<p style=\"text-align: center;\"><a class=\"rouge\" href=\"https:\/\/swp-dev.com\/asaf-test\/nos-actualites\/revue-dernier-numero\/\" target=\"_blank\" rel=\"noopener\">Commander le dernier num\u00e9ro<br \/>de la revue ENGAGEMENT<br \/>&gt;&gt;<\/a><\/p>\n<p>[\/et_pb_text][\/et_pb_column][\/et_pb_row][\/et_pb_section]<\/p>\n","protected":false},"excerpt":{"rendered":"<p>L&rsquo;indochine 70 ans apr\u00e8s L\u2019Indochine, 70 ans apr\u00e8s. Une guerre lointaine et meurtri\u00e8re au cours de laquelle l\u2019h\u00e9ro\u00efsme et le courage des combattants ont \u00e9t\u00e9 exemplaires.Retrouvez sur cette page les \u00e9v\u00e8nements et publications relatifs aux comm\u00e9morations de la fin de la guerre d\u2019Indochine. NOTRE REVUE116 pages de passionpour l&rsquo;Esprit de D\u00e9fense !A d\u00e9couvrir 4 fois [&hellip;]<\/p>\n","protected":false},"author":1,"featured_media":0,"parent":359,"menu_order":30,"comment_status":"closed","ping_status":"closed","template":"","meta":{"_et_pb_use_builder":"on","_et_pb_old_content":"<h1>Derni\u00e8res actus<\/h1>","_et_gb_content_width":"","footnotes":""},"class_list":["post-704","page","type-page","status-publish","hentry"],"_links":{"self":[{"href":"https:\/\/swp-dev.com\/asaf-test\/wp-json\/wp\/v2\/pages\/704","targetHints":{"allow":["GET"]}}],"collection":[{"href":"https:\/\/swp-dev.com\/asaf-test\/wp-json\/wp\/v2\/pages"}],"about":[{"href":"https:\/\/swp-dev.com\/asaf-test\/wp-json\/wp\/v2\/types\/page"}],"author":[{"embeddable":true,"href":"https:\/\/swp-dev.com\/asaf-test\/wp-json\/wp\/v2\/users\/1"}],"replies":[{"embeddable":true,"href":"https:\/\/swp-dev.com\/asaf-test\/wp-json\/wp\/v2\/comments?post=704"}],"version-history":[{"count":13,"href":"https:\/\/swp-dev.com\/asaf-test\/wp-json\/wp\/v2\/pages\/704\/revisions"}],"predecessor-version":[{"id":3004,"href":"https:\/\/swp-dev.com\/asaf-test\/wp-json\/wp\/v2\/pages\/704\/revisions\/3004"}],"up":[{"embeddable":true,"href":"https:\/\/swp-dev.com\/asaf-test\/wp-json\/wp\/v2\/pages\/359"}],"wp:attachment":[{"href":"https:\/\/swp-dev.com\/asaf-test\/wp-json\/wp\/v2\/media?parent=704"}],"curies":[{"name":"wp","href":"https:\/\/api.w.org\/{rel}","templated":true}]}}