{"id":929,"date":"2024-03-01T09:48:35","date_gmt":"2024-03-01T08:48:35","guid":{"rendered":"https:\/\/swp-dev.com\/asaf-test\/?page_id=929"},"modified":"2024-04-28T17:01:20","modified_gmt":"2024-04-28T15:01:20","slug":"qui-sommes-nous","status":"publish","type":"page","link":"https:\/\/swp-dev.com\/asaf-test\/l-asaf\/qui-sommes-nous\/","title":{"rendered":"Qui sommes-nous ?"},"content":{"rendered":"<p>[et_pb_section fb_built=\u00a0\u00bb1&Prime; admin_label=\u00a0\u00bbSection Th\u00e9matiques\u00a0\u00bb _builder_version=\u00a0\u00bb4.24.2&Prime; custom_margin=\u00a0\u00bb0px||||false|false\u00a0\u00bb custom_padding=\u00a0\u00bb0px||||false|false\u00a0\u00bb global_colors_info=\u00a0\u00bb{}\u00a0\u00bb][et_pb_row _builder_version=\u00a0\u00bb4.24.3&Prime; background_size=\u00a0\u00bbinitial\u00a0\u00bb background_position=\u00a0\u00bbtop_left\u00a0\u00bb background_repeat=\u00a0\u00bbrepeat\u00a0\u00bb width=\u00a0\u00bb100%\u00a0\u00bb max_width=\u00a0\u00bb100%\u00a0\u00bb module_alignment=\u00a0\u00bbcenter\u00a0\u00bb custom_margin=\u00a0\u00bb0px|0px||0px|false|true\u00a0\u00bb custom_padding=\u00a0\u00bb0px|0px||0px|false|true\u00a0\u00bb global_colors_info=\u00a0\u00bb{}\u00a0\u00bb][et_pb_column type=\u00a0\u00bb4_4&Prime; _builder_version=\u00a0\u00bb4.16&Prime; custom_padding=\u00a0\u00bb|||\u00a0\u00bb global_colors_info=\u00a0\u00bb{}\u00a0\u00bb custom_padding__hover=\u00a0\u00bb|||\u00a0\u00bb][et_pb_image src=\u00a0\u00bbhttps:\/\/swp-dev.com\/asaf-test\/wp-content\/uploads\/2024\/04\/bandeau-qui-sommes-nous-1900&#215;290-1.jpg\u00a0\u00bb title_text=\u00a0\u00bbbandeau-qui-sommes-nous-1900&#215;290&Prime; align=\u00a0\u00bbcenter\u00a0\u00bb force_fullwidth=\u00a0\u00bbon\u00a0\u00bb admin_label=\u00a0\u00bbImage 1900&#215;290&Prime; _builder_version=\u00a0\u00bb4.25.0&Prime; _module_preset=\u00a0\u00bbdefault\u00a0\u00bb global_colors_info=\u00a0\u00bb{}\u00a0\u00bb][\/et_pb_image][et_pb_text admin_label=\u00a0\u00bbh1 Qui sommes-nous ? + texte\u00a0\u00bb _builder_version=\u00a0\u00bb4.25.0&Prime; text_font=\u00a0\u00bb|600|||||||\u00a0\u00bb header_font=\u00a0\u00bb|||on|||||\u00a0\u00bb hover_enabled=\u00a0\u00bb0&Prime; global_colors_info=\u00a0\u00bb{}\u00a0\u00bb _module_preset=\u00a0\u00bb96bf8191-23c7-47ba-bd5e-9226766feec2&Prime; sticky_enabled=\u00a0\u00bb0&Prime;]<\/p>\n<h1 style=\"text-align: center;\"><strong>Qui sommes-nous ?<\/strong><\/h1>\n<p style=\"text-align: center;\">Tout savoir sur notre association, l\u2019esprit qui nous anime et les valeurs que nous d\u00e9fendons, notre organisation,<br \/>nos d\u00e9l\u00e9gu\u00e9s, nos actions de communication\u2026 D\u00e9couvrez sur cette page le \u00ab coeur battant \u00bb de notre association.<br \/>Pour en savoir plus, commandez le dernier num\u00e9ro de notre revue ou abonnez-vous (gratuitement)<br \/>\u00e0 notre lettre d\u2019information mensuelle !<\/p>\n<p>[\/et_pb_text][\/et_pb_column][\/et_pb_row][et_pb_row column_structure=\u00a0\u00bb2_5,3_5&Prime; _builder_version=\u00a0\u00bb4.25.0&Prime; _module_preset=\u00a0\u00bbdefault\u00a0\u00bb width=\u00a0\u00bb100%\u00a0\u00bb max_width=\u00a0\u00bb100%\u00a0\u00bb module_alignment=\u00a0\u00bbcenter\u00a0\u00bb custom_margin=\u00a0\u00bb40px|0px|40px|0px|false|true\u00a0\u00bb custom_padding=\u00a0\u00bb0px|5vw|0px|5vw|true|true\u00a0\u00bb global_colors_info=\u00a0\u00bb{}\u00a0\u00bb][et_pb_column type=\u00a0\u00bb2_5&Prime; _builder_version=\u00a0\u00bb4.24.3&Prime; _module_preset=\u00a0\u00bbdefault\u00a0\u00bb custom_padding=\u00a0\u00bb|0px||0px|false|true\u00a0\u00bb custom_css_main_element=\u00a0\u00bbwidth:30vw!important;margin:0 4vw 0 0!important;\u00a0\u00bb global_colors_info=\u00a0\u00bb{}\u00a0\u00bb][et_pb_text admin_label=\u00a0\u00bbTexte revue Engagement\u00a0\u00bb _builder_version=\u00a0\u00bb4.25.0&Prime; _dynamic_attributes=\u00a0\u00bblink_option_url\u00a0\u00bb _module_preset=\u00a0\u00bbdefault\u00a0\u00bb text_text_color=\u00a0\u00bb#FFFFFF\u00a0\u00bb text_font_size=\u00a0\u00bb20px\u00a0\u00bb header_2_text_color=\u00a0\u00bb#FFFFFF\u00a0\u00bb header_2_font_size=\u00a0\u00bb36px\u00a0\u00bb header_2_line_height=\u00a0\u00bb40px\u00a0\u00bb background_color=\u00a0\u00bb#AB0100&Prime; custom_margin=\u00a0\u00bb0px|0px|0px|0px|false|true\u00a0\u00bb custom_padding=\u00a0\u00bb40px|2.5vw|40px|2.5vw|false|true\u00a0\u00bb link_option_url=\u00a0\u00bb@ET-DC@eyJkeW5hbWljIjp0cnVlLCJjb250ZW50IjoicG9zdF9saW5rX3VybF9wYWdlIiwic2V0dGluZ3MiOnsicG9zdF9pZCI6IjcwNCJ9fQ==@\u00a0\u00bb header_2_font_size_tablet=\u00a0\u00bb26px\u00a0\u00bb header_2_font_size_phone=\u00a0\u00bb22px\u00a0\u00bb header_2_font_size_last_edited=\u00a0\u00bbon|desktop\u00a0\u00bb header_2_line_height_tablet=\u00a0\u00bb26px\u00a0\u00bb header_2_line_height_phone=\u00a0\u00bb26px\u00a0\u00bb header_2_line_height_last_edited=\u00a0\u00bbon|tablet\u00a0\u00bb global_module=\u00a0\u00bb2319&Prime; saved_tabs=\u00a0\u00bball\u00a0\u00bb global_colors_info=\u00a0\u00bb{}\u00a0\u00bb]<\/p>\n<h2 style=\"text-align: center;\"><strong>INDOCHINE 1954 \/ 2024<\/strong><\/h2>\n<hr style=\"text-align: center; height: 6px; background-color: #fff; margin-bottom: 25px;\" \/>\n<p style=\"text-align: center;\"><span style=\"font-size: x-large;\">D\u00e9couvrez notre dossier sp\u00e9cial<br \/>\u201c70 ANS APR\u00c8S\u201c<br \/>dans le dernier num\u00e9ro<\/span><\/p>\n<p><img loading=\"lazy\" decoding=\"async\" class=\"aligncenter wp-image-2068 size-full\" src=\"https:\/\/swp-dev.com\/asaf-test\/wp-content\/uploads\/2024\/04\/revue-engagement-indochine-avec-ombre-423x603-1.png\" alt=\"\" width=\"365\" height=\"520\" srcset=\"https:\/\/swp-dev.com\/asaf-test\/wp-content\/uploads\/2024\/04\/revue-engagement-indochine-avec-ombre-423x603-1.png 423w, https:\/\/swp-dev.com\/asaf-test\/wp-content\/uploads\/2024\/04\/revue-engagement-indochine-avec-ombre-423x603-1-210x300.png 210w\" sizes=\"auto, (max-width: 365px) 100vw, 365px\" \/><\/p>\n<p style=\"text-align: center;\">Cliquez ici &gt;&gt;<\/p>\n<p>[\/et_pb_text][et_pb_image src=\u00a0\u00bbhttps:\/\/swp-dev.com\/asaf-test\/wp-content\/uploads\/2024\/04\/QUI-SOMMES-NS-col.jpg\u00a0\u00bb title_text=\u00a0\u00bbScreenshot\u00a0\u00bb force_fullwidth=\u00a0\u00bbon\u00a0\u00bb admin_label=\u00a0\u00bbImage soldates\u00a0\u00bb _builder_version=\u00a0\u00bb4.25.0&Prime; _module_preset=\u00a0\u00bbdefault\u00a0\u00bb custom_margin=\u00a0\u00bb0px|0px|40px|0px|false|true\u00a0\u00bb custom_padding=\u00a0\u00bb0px|0px|0px|0px|true|true\u00a0\u00bb global_colors_info=\u00a0\u00bb{}\u00a0\u00bb][\/et_pb_image][et_pb_text admin_label=\u00a0\u00bbtexte Recevez chaque mois\u00a0\u00bb _builder_version=\u00a0\u00bb4.25.0&Prime; _dynamic_attributes=\u00a0\u00bblink_option_url\u00a0\u00bb _module_preset=\u00a0\u00bbdefault\u00a0\u00bb text_text_color=\u00a0\u00bb#00407D\u00a0\u00bb text_font_size=\u00a0\u00bb24px\u00a0\u00bb background_color=\u00a0\u00bb#bfcfde\u00a0\u00bb custom_margin=\u00a0\u00bb|0px|40px|0px|false|true\u00a0\u00bb custom_padding=\u00a0\u00bb40px|0px|40px|0px|true|true\u00a0\u00bb link_option_url=\u00a0\u00bb@ET-DC@eyJkeW5hbWljIjp0cnVlLCJjb250ZW50IjoicG9zdF9saW5rX3VybF9wYWdlIiwic2V0dGluZ3MiOnsicG9zdF9pZCI6Ijc5OSJ9fQ==@\u00a0\u00bb global_module=\u00a0\u00bb2153&Prime; saved_tabs=\u00a0\u00bball\u00a0\u00bb global_colors_info=\u00a0\u00bb{}\u00a0\u00bb]<\/p>\n<p style=\"text-align: center;\">Recevez chaque mois<\/p>\n<p style=\"text-align: center;\"><img loading=\"lazy\" decoding=\"async\" class=\"aligncenter wp-image-2148 size-full\" src=\"https:\/\/swp-dev.com\/asaf-test\/wp-content\/uploads\/2024\/04\/l-oeil-de-l-asaf-453x303-1.png\" alt=\"\" width=\"400\" height=\"267\" srcset=\"https:\/\/swp-dev.com\/asaf-test\/wp-content\/uploads\/2024\/04\/l-oeil-de-l-asaf-453x303-1.png 453w, https:\/\/swp-dev.com\/asaf-test\/wp-content\/uploads\/2024\/04\/l-oeil-de-l-asaf-453x303-1-300x201.png 300w\" sizes=\"auto, (max-width: 400px) 100vw, 400px\" \/><\/p>\n<p style=\"text-align: center;\">notre lettre d&rsquo;information<\/p>\n<p>[\/et_pb_text][\/et_pb_column][et_pb_column type=\u00a0\u00bb3_5&Prime; _builder_version=\u00a0\u00bb4.24.3&Prime; _module_preset=\u00a0\u00bbdefault\u00a0\u00bb custom_padding=\u00a0\u00bb|0px||0px|false|true\u00a0\u00bb custom_css_main_element=\u00a0\u00bbwidth:55vw!important;margin:0!important;\u00a0\u00bb global_colors_info=\u00a0\u00bb{}\u00a0\u00bb][et_pb_text admin_label=\u00a0\u00bbTexte qui sommes-nous ?\u00a0\u00bb _builder_version=\u00a0\u00bb4.25.0&Prime; _module_preset=\u00a0\u00bbdefault\u00a0\u00bb header_2_font=\u00a0\u00bb|||on|||||\u00a0\u00bb header_2_text_color=\u00a0\u00bb#00407D\u00a0\u00bb header_3_font=\u00a0\u00bb|||on|||||\u00a0\u00bb header_3_text_color=\u00a0\u00bb#00407D\u00a0\u00bb global_colors_info=\u00a0\u00bb{}\u00a0\u00bb]<\/p>\n<h2><strong>DES HOMMES, DES FEMMES ET DES VALEURS<\/strong><\/h2>\n<h3><strong><span style=\"color: #ab0100;\">VOUS AVEZ DIT \u00ab ASAF \u00bb ?<\/span><\/strong><\/h3>\n<p>L&rsquo;association de soutien \u00e0 l&rsquo;arm\u00e9e fran\u00e7aise (ASAF) est une association patriotique nationale (loi de 1901) cr\u00e9\u00e9e en 1983.<br \/>Son but est de contribuer \u00e0 ce que la D\u00e9fense soit toujours une priorit\u00e9 pour l\u2019\u00c9tat et que l\u2019arm\u00e9e demeure au coeur de la Nation.<\/p>\n<h3><strong>NOTRE ORGANISATION<\/strong><\/h3>\n<p>Elle est organis\u00e9e autour :<br \/>\u2022 d\u2019un conseil d\u2019administration, d\u2019un bureau et d\u2019un comit\u00e9 de r\u00e9daction, qui orientent et coordonnent les activit\u00e9s et assurent la r\u00e9alisation des publications de l\u2019association ;<br \/>\u2022 de d\u00e9l\u00e9gu\u00e9s d\u00e9partementaux qui organisent et conduisent les actions sur le terrain (conf\u00e9rences, caf\u00e9s strat\u00e9giques dans les universit\u00e9s et grandes \u00e9coles, visites d\u2019installations militaires,\u2026) en liaison avec les partenaires locaux (associations, collectivit\u00e9s, universit\u00e9s,\u2026) ;<br \/>\u2022 de coordonnateurs r\u00e9gionaux charg\u00e9s de d\u00e9velopper les synergies entre d\u00e9partements voisins.<\/p>\n<h3><span style=\"color: #ab0100;\"><strong>UNE ASSOCIATION\u2026 RECONNUE !<\/strong><\/span><\/h3>\n<p>\u2022 Reconnue d\u2019int\u00e9r\u00eat g\u00e9n\u00e9ral, l\u2019ASAF, par ses actions et ses moyens de communication, vise \u00e0 d\u00e9velopper chez les Fran\u00e7ais une culture de d\u00e9fense en agissant essentiellement dans les domaines \u00e9ducatif et culturel. Elle cherche \u00e0 sensibiliser, en priorit\u00e9, les jeunes, aux questions de D\u00e9fense et au devoir de m\u00e9moire.<br \/>\u2022 Reconnue officiellement par les autorit\u00e9s politiques, membre du groupe des 12 associations repr\u00e9sentatives du monde combattant, elle s\u2019exprime annuellement devant la Commission de la D\u00e9fense et coop\u00e8re directement avec de nombreux organismes du minist\u00e8re des Arm\u00e9es.<br \/>\u2022 L\u2019ASAF agit toujours en \u00e9troite concertation avec toutes les associations qui ont le souci de d\u00e9velopper, comme elle, l\u2019esprit de D\u00e9fense.<\/p>\n<h3><strong>OUTILS DE COMMUNICATION POUR D\u00c9BATS ET R\u00c9FLEXIONS<\/strong><\/h3>\n<p>Forte aujourd\u2019hui des milliers d\u2019adh\u00e9rents dont 100 associations repr\u00e9sentant elles m\u00eames plus de 100 000 membres, l\u2019ASAF a mis en place et d\u00e9velopp\u00e9 les vecteurs de communication suivants :<br \/>\u2022 un SITE WEB actualis\u00e9 quotidiennement (moyenne mensuelle de 150 000 connexions). Des dossiers th\u00e9matiques peuvent \u00eatre lus et t\u00e9l\u00e9charg\u00e9s gracieusement.<br \/>&gt;&gt; <strong><a href=\"https:\/\/swp-dev.com\/asaf-test\/productions-asaf\/dossiers-speciaux\/\" target=\"_blank\" rel=\"noopener\">www.asafrance.fr\/dossiers-sp\u00e9ciaux<\/a><\/strong><br \/>\u2022 une LETTRE D\u2019INFORMATION et de r\u00e9flexion (\u00ab L\u2019OEil de l\u2019ASAF \u00bb) ainsi qu\u2019une s\u00e9lection de documents mis en ligne, diffus\u00e9es mensuellement (internet et r\u00e9seaux sociaux) vers plus de 24 000 internautes qui ont souhait\u00e9 les recevoir<br \/>&gt;&gt; <strong><a href=\"https:\/\/swp-dev.com\/asaf-test\/productions-asaf\/l-oeil-de-l-asaf\/\" target=\"_blank\" rel=\"noopener\">www.asafrance.fr\/l-oeil-de-l-asaf<\/a><\/strong><br \/>\u2022 REVUE TRIMESTRIELLE \u00ab ENGAGEMENT \u00bb (116 pages) r\u00e9serv\u00e9e aux abonn\u00e9s et, \u00e0 titre gracieux, \u00e0 un certain nombre de destinataires jug\u00e9s prioritaires (parlementaires, biblioth\u00e8ques des grandes \u00e9coles et universit\u00e9s,\u2026)<br \/>&gt;&gt; <strong><a href=\"https:\/\/swp-dev.com\/asaf-test\/productions-asaf\/revue-engagement\/\" target=\"_blank\" rel=\"noopener\">www.asafrance.fr\/revue-engagement<\/a><\/strong><\/p>\n<p>[\/et_pb_text][\/et_pb_column][\/et_pb_row][et_pb_row column_structure=\u00a0\u00bb1_3,1_3,1_3&Prime; use_custom_gutter=\u00a0\u00bbon\u00a0\u00bb gutter_width=\u00a0\u00bb1&Prime; admin_label=\u00a0\u00bbLigne bordure haute 3 colonnes bleu blanc rouge 3&#215;30%\u00a0\u00bb _builder_version=\u00a0\u00bb4.24.3&Prime; _module_preset=\u00a0\u00bbdefault\u00a0\u00bb width=\u00a0\u00bb100vw\u00a0\u00bb max_width=\u00a0\u00bb100vw\u00a0\u00bb module_alignment=\u00a0\u00bbcenter\u00a0\u00bb custom_margin=\u00a0\u00bb|0px||0px|false|true\u00a0\u00bb custom_padding=\u00a0\u00bb|5vw||5vw|false|true\u00a0\u00bb global_module=\u00a0\u00bb2002&Prime; collapsed=\u00a0\u00bbon\u00a0\u00bb global_colors_info=\u00a0\u00bb{}\u00a0\u00bb][et_pb_column type=\u00a0\u00bb1_3&Prime; _builder_version=\u00a0\u00bb4.24.3&Prime; _module_preset=\u00a0\u00bbdefault\u00a0\u00bb custom_padding=\u00a0\u00bb0px||0px||true|false\u00a0\u00bb border_width_top=\u00a0\u00bb10px\u00a0\u00bb border_color_top=\u00a0\u00bb#00407D\u00a0\u00bb global_colors_info=\u00a0\u00bb{}\u00a0\u00bb][et_pb_text admin_label=\u00a0\u00bbTexte Abonnez-vous \u00e0 \u00ab l\u2019\u0152il de l\u2019ASAF\u00bb(lettre d\u2019infos mensuelle gratuite)>>\u00a0\u00bb _builder_version=\u00a0\u00bb4.24.3&Prime; _module_preset=\u00a0\u00bbdefault\u00a0\u00bb text_text_color=\u00a0\u00bb#00407D\u00a0\u00bb text_font_size=\u00a0\u00bb18px\u00a0\u00bb link_text_color=\u00a0\u00bb#00407D\u00a0\u00bb custom_margin=\u00a0\u00bb0px||||false|false\u00a0\u00bb custom_padding=\u00a0\u00bb20px||||false|false\u00a0\u00bb global_colors_info=\u00a0\u00bb{}\u00a0\u00bb]<\/p>\n<p style=\"text-align: center;\"><a classe=\"bleu\" href=\"https:\/\/swp-dev.com\/asaf-test\/boutique\/revues\/\" target=\"_blank\" rel=\"noopener\">Abonnez-vous \u00e0 \u00ab l\u2019\u0152il de l\u2019ASAF\u00bb<br \/>(lettre d\u2019infos mensuelle gratuite)<br \/>&gt;&gt;<\/a><\/p>\n<p>[\/et_pb_text][\/et_pb_column][et_pb_column type=\u00a0\u00bb1_3&Prime; _builder_version=\u00a0\u00bb4.24.3&Prime; _module_preset=\u00a0\u00bbdefault\u00a0\u00bb custom_padding=\u00a0\u00bb0px||0px||true|false\u00a0\u00bb border_width_top=\u00a0\u00bb10px\u00a0\u00bb border_color_top=\u00a0\u00bb#FFFFFF\u00a0\u00bb global_colors_info=\u00a0\u00bb{}\u00a0\u00bb][et_pb_text admin_label=\u00a0\u00bbTexte Vous souhaitez rejoindre l\u2019ASAF ?<br \/>\nCliquez ici<br \/>\n>>\u00a0\u00bb _builder_version=\u00a0\u00bb4.24.3&Prime; _module_preset=\u00a0\u00bbdefault\u00a0\u00bb text_text_color=\u00a0\u00bb#333333&Prime; text_font_size=\u00a0\u00bb18px\u00a0\u00bb link_text_color=\u00a0\u00bb#333333&Prime; custom_margin=\u00a0\u00bb0px||||false|false\u00a0\u00bb custom_padding=\u00a0\u00bb20px||||false|false\u00a0\u00bb global_colors_info=\u00a0\u00bb{}\u00a0\u00bb]<\/p>\n<p style=\"text-align: center;\"><a style=\"color: #333;\" href=\"https:\/\/swp-dev.com\/asaf-test\/l-asaf\/adherer-a-l-asaf\/\" target=\"_blank\" rel=\"noopener\">Vous souhaitez rejoindre l\u2019ASAF ?<br \/>Cliquez ici<br \/>&gt;&gt;<\/a><\/p>\n<p>[\/et_pb_text][\/et_pb_column][et_pb_column type=\u00a0\u00bb1_3&Prime; _builder_version=\u00a0\u00bb4.24.3&Prime; _module_preset=\u00a0\u00bbdefault\u00a0\u00bb custom_padding=\u00a0\u00bb0px||0px||true|false\u00a0\u00bb border_width_top=\u00a0\u00bb10px\u00a0\u00bb border_color_top=\u00a0\u00bb#AB0100&Prime; global_colors_info=\u00a0\u00bb{}\u00a0\u00bb][et_pb_text admin_label=\u00a0\u00bbTexte Commander le dernier num\u00e9ro<br \/>\nde la revue ENGAGEMENT<br \/>\n>>\u00a0\u00bb _builder_version=\u00a0\u00bb4.24.3&Prime; _module_preset=\u00a0\u00bbdefault\u00a0\u00bb text_text_color=\u00a0\u00bb#AB0100&Prime; text_font_size=\u00a0\u00bb18px\u00a0\u00bb link_text_color=\u00a0\u00bb#AB0100&Prime; custom_padding=\u00a0\u00bb20px||||false|false\u00a0\u00bb global_colors_info=\u00a0\u00bb{}\u00a0\u00bb]<\/p>\n<p style=\"text-align: center;\"><a class=\"rouge\" href=\"https:\/\/swp-dev.com\/asaf-test\/nos-actualites\/revue-dernier-numero\/\" target=\"_blank\" rel=\"noopener\">Commander le dernier num\u00e9ro<br \/>de la revue ENGAGEMENT<br \/>&gt;&gt;<\/a><\/p>\n<p>[\/et_pb_text][\/et_pb_column][\/et_pb_row][\/et_pb_section]<\/p>\n","protected":false},"excerpt":{"rendered":"<p>Qui sommes-nous ? Tout savoir sur notre association, l\u2019esprit qui nous anime et les valeurs que nous d\u00e9fendons, notre organisation,nos d\u00e9l\u00e9gu\u00e9s, nos actions de communication\u2026 D\u00e9couvrez sur cette page le \u00ab coeur battant \u00bb de notre association.Pour en savoir plus, commandez le dernier num\u00e9ro de notre revue ou abonnez-vous (gratuitement)\u00e0 notre lettre d\u2019information mensuelle !INDOCHINE [&hellip;]<\/p>\n","protected":false},"author":1,"featured_media":0,"parent":383,"menu_order":10,"comment_status":"closed","ping_status":"closed","template":"","meta":{"_et_pb_use_builder":"on","_et_pb_old_content":"<h1>Th\u00e9matiques<\/h1>","_et_gb_content_width":"","footnotes":""},"class_list":["post-929","page","type-page","status-publish","hentry"],"_links":{"self":[{"href":"https:\/\/swp-dev.com\/asaf-test\/wp-json\/wp\/v2\/pages\/929","targetHints":{"allow":["GET"]}}],"collection":[{"href":"https:\/\/swp-dev.com\/asaf-test\/wp-json\/wp\/v2\/pages"}],"about":[{"href":"https:\/\/swp-dev.com\/asaf-test\/wp-json\/wp\/v2\/types\/page"}],"author":[{"embeddable":true,"href":"https:\/\/swp-dev.com\/asaf-test\/wp-json\/wp\/v2\/users\/1"}],"replies":[{"embeddable":true,"href":"https:\/\/swp-dev.com\/asaf-test\/wp-json\/wp\/v2\/comments?post=929"}],"version-history":[{"count":7,"href":"https:\/\/swp-dev.com\/asaf-test\/wp-json\/wp\/v2\/pages\/929\/revisions"}],"predecessor-version":[{"id":2928,"href":"https:\/\/swp-dev.com\/asaf-test\/wp-json\/wp\/v2\/pages\/929\/revisions\/2928"}],"up":[{"embeddable":true,"href":"https:\/\/swp-dev.com\/asaf-test\/wp-json\/wp\/v2\/pages\/383"}],"wp:attachment":[{"href":"https:\/\/swp-dev.com\/asaf-test\/wp-json\/wp\/v2\/media?parent=929"}],"curies":[{"name":"wp","href":"https:\/\/api.w.org\/{rel}","templated":true}]}}