{"id":933,"date":"2024-03-01T09:49:25","date_gmt":"2024-03-01T08:49:25","guid":{"rendered":"https:\/\/swp-dev.com\/asaf-test\/?page_id=933"},"modified":"2024-04-28T17:01:54","modified_gmt":"2024-04-28T15:01:54","slug":"notre-organisation","status":"publish","type":"page","link":"https:\/\/swp-dev.com\/asaf-test\/l-asaf\/notre-organisation\/","title":{"rendered":"Notre organisation"},"content":{"rendered":"<p>[et_pb_section fb_built=\u00a0\u00bb1&Prime; admin_label=\u00a0\u00bbSection Th\u00e9matiques\u00a0\u00bb _builder_version=\u00a0\u00bb4.24.2&Prime; custom_margin=\u00a0\u00bb0px||||false|false\u00a0\u00bb custom_padding=\u00a0\u00bb0px||||false|false\u00a0\u00bb global_colors_info=\u00a0\u00bb{}\u00a0\u00bb][et_pb_row _builder_version=\u00a0\u00bb4.24.3&Prime; background_size=\u00a0\u00bbinitial\u00a0\u00bb background_position=\u00a0\u00bbtop_left\u00a0\u00bb background_repeat=\u00a0\u00bbrepeat\u00a0\u00bb width=\u00a0\u00bb100%\u00a0\u00bb max_width=\u00a0\u00bb100%\u00a0\u00bb module_alignment=\u00a0\u00bbcenter\u00a0\u00bb custom_margin=\u00a0\u00bb0px|0px||0px|false|true\u00a0\u00bb custom_padding=\u00a0\u00bb0px|0px||0px|false|true\u00a0\u00bb global_colors_info=\u00a0\u00bb{}\u00a0\u00bb][et_pb_column type=\u00a0\u00bb4_4&Prime; _builder_version=\u00a0\u00bb4.16&Prime; custom_padding=\u00a0\u00bb|||\u00a0\u00bb global_colors_info=\u00a0\u00bb{}\u00a0\u00bb custom_padding__hover=\u00a0\u00bb|||\u00a0\u00bb][et_pb_image src=\u00a0\u00bbhttps:\/\/swp-dev.com\/asaf-test\/wp-content\/uploads\/2024\/04\/bandeau-notre-organisation-1900&#215;290-1.jpg\u00a0\u00bb title_text=\u00a0\u00bbbandeau-notre-organisation-1900&#215;290&Prime; align=\u00a0\u00bbcenter\u00a0\u00bb force_fullwidth=\u00a0\u00bbon\u00a0\u00bb admin_label=\u00a0\u00bbImage 1900&#215;290&Prime; _builder_version=\u00a0\u00bb4.25.0&Prime; _module_preset=\u00a0\u00bbdefault\u00a0\u00bb global_colors_info=\u00a0\u00bb{}\u00a0\u00bb][\/et_pb_image][et_pb_text admin_label=\u00a0\u00bbh1 L&rsquo;organisation ASAF + texte\u00a0\u00bb _builder_version=\u00a0\u00bb4.25.0&Prime; text_font=\u00a0\u00bb|600|||||||\u00a0\u00bb header_font=\u00a0\u00bb|||on|||||\u00a0\u00bb hover_enabled=\u00a0\u00bb0&Prime; global_colors_info=\u00a0\u00bb{}\u00a0\u00bb _module_preset=\u00a0\u00bb96bf8191-23c7-47ba-bd5e-9226766feec2&Prime; sticky_enabled=\u00a0\u00bb0&Prime;]<\/p>\n<h1 style=\"text-align: center;\"><strong>L&rsquo;organisation ASAF<\/strong><\/h1>\n<p style=\"text-align: center;\">Mieux nous conna\u00eetre ? Savoir qui fait quoi \u00e0 l\u2019ASAF ? Toutes les infos sont ici.<br \/>Vous \u00eates int\u00e9ress\u00e9 par un r\u00f4le actif au sein de notre association ou un soutien quel qu\u2019il soit ?<br \/>N\u2019h\u00e9sitez pas \u00e0 nous contacter : <a href=\"mailto:secretariatpresidence@asafrance.fr\">secretariatpresidence@asafrance.fr<\/a><\/p>\n<p>[\/et_pb_text][\/et_pb_column][\/et_pb_row][et_pb_row column_structure=\u00a0\u00bb1_3,1_3,1_3&Prime; _builder_version=\u00a0\u00bb4.25.0&Prime; _module_preset=\u00a0\u00bbdefault\u00a0\u00bb width=\u00a0\u00bb100%\u00a0\u00bb max_width=\u00a0\u00bb100%\u00a0\u00bb module_alignment=\u00a0\u00bbcenter\u00a0\u00bb custom_margin=\u00a0\u00bb40px|0px|40px|0px|false|true\u00a0\u00bb custom_padding=\u00a0\u00bb0px|5vw|0px|5vw|true|true\u00a0\u00bb global_colors_info=\u00a0\u00bb{}\u00a0\u00bb][et_pb_column type=\u00a0\u00bb1_3&Prime; _builder_version=\u00a0\u00bb4.25.0&Prime; _module_preset=\u00a0\u00bbdefault\u00a0\u00bb custom_padding=\u00a0\u00bb|0px||0px|false|true\u00a0\u00bb custom_css_main_element=\u00a0\u00bbwidth:30vw!important;margin:0 4vw 0 0!important;\u00a0\u00bb global_colors_info=\u00a0\u00bb{}\u00a0\u00bb][et_pb_text admin_label=\u00a0\u00bbtexte Recevez chaque mois\u00a0\u00bb _builder_version=\u00a0\u00bb4.25.0&Prime; _dynamic_attributes=\u00a0\u00bblink_option_url\u00a0\u00bb _module_preset=\u00a0\u00bbdefault\u00a0\u00bb text_text_color=\u00a0\u00bb#00407D\u00a0\u00bb text_font_size=\u00a0\u00bb24px\u00a0\u00bb background_color=\u00a0\u00bb#bfcfde\u00a0\u00bb custom_margin=\u00a0\u00bb|0px|40px|0px|false|true\u00a0\u00bb custom_padding=\u00a0\u00bb40px|0px|40px|0px|true|true\u00a0\u00bb link_option_url=\u00a0\u00bb@ET-DC@eyJkeW5hbWljIjp0cnVlLCJjb250ZW50IjoicG9zdF9saW5rX3VybF9wYWdlIiwic2V0dGluZ3MiOnsicG9zdF9pZCI6Ijc5OSJ9fQ==@\u00a0\u00bb global_module=\u00a0\u00bb2153&Prime; saved_tabs=\u00a0\u00bball\u00a0\u00bb global_colors_info=\u00a0\u00bb{}\u00a0\u00bb]<\/p>\n<p style=\"text-align: center;\">Recevez chaque mois<\/p>\n<p style=\"text-align: center;\"><img loading=\"lazy\" decoding=\"async\" class=\"aligncenter wp-image-2148 size-full\" src=\"https:\/\/swp-dev.com\/asaf-test\/wp-content\/uploads\/2024\/04\/l-oeil-de-l-asaf-453x303-1.png\" alt=\"\" width=\"400\" height=\"267\" srcset=\"https:\/\/swp-dev.com\/asaf-test\/wp-content\/uploads\/2024\/04\/l-oeil-de-l-asaf-453x303-1.png 453w, https:\/\/swp-dev.com\/asaf-test\/wp-content\/uploads\/2024\/04\/l-oeil-de-l-asaf-453x303-1-300x201.png 300w\" sizes=\"auto, (max-width: 400px) 100vw, 400px\" \/><\/p>\n<p style=\"text-align: center;\">notre lettre d&rsquo;information<\/p>\n<p>[\/et_pb_text][et_pb_image src=\u00a0\u00bbhttps:\/\/swp-dev.com\/asaf-test\/wp-content\/uploads\/2024\/04\/NOTRE-ORGA-col.jpg\u00a0\u00bb title_text=\u00a0\u00bbNOTRE ORGA col\u00a0\u00bb force_fullwidth=\u00a0\u00bbon\u00a0\u00bb admin_label=\u00a0\u00bbImage soldates\u00a0\u00bb _builder_version=\u00a0\u00bb4.25.0&Prime; _module_preset=\u00a0\u00bbdefault\u00a0\u00bb custom_margin=\u00a0\u00bb0px|0px|40px|0px|false|true\u00a0\u00bb custom_padding=\u00a0\u00bb0px|0px|0px|0px|true|true\u00a0\u00bb global_colors_info=\u00a0\u00bb{}\u00a0\u00bb][\/et_pb_image][et_pb_text admin_label=\u00a0\u00bbTexte revue Engagement\u00a0\u00bb _builder_version=\u00a0\u00bb4.25.0&Prime; _dynamic_attributes=\u00a0\u00bblink_option_url\u00a0\u00bb _module_preset=\u00a0\u00bbdefault\u00a0\u00bb text_text_color=\u00a0\u00bb#FFFFFF\u00a0\u00bb text_font_size=\u00a0\u00bb20px\u00a0\u00bb header_2_text_color=\u00a0\u00bb#FFFFFF\u00a0\u00bb header_2_font_size=\u00a0\u00bb36px\u00a0\u00bb header_2_line_height=\u00a0\u00bb40px\u00a0\u00bb background_color=\u00a0\u00bb#AB0100&Prime; custom_margin=\u00a0\u00bb0px|0px|0px|0px|false|true\u00a0\u00bb custom_padding=\u00a0\u00bb40px|2.5vw|40px|2.5vw|false|true\u00a0\u00bb link_option_url=\u00a0\u00bb@ET-DC@eyJkeW5hbWljIjp0cnVlLCJjb250ZW50IjoicG9zdF9saW5rX3VybF9wYWdlIiwic2V0dGluZ3MiOnsicG9zdF9pZCI6IjcwNCJ9fQ==@\u00a0\u00bb header_2_font_size_tablet=\u00a0\u00bb26px\u00a0\u00bb header_2_font_size_phone=\u00a0\u00bb22px\u00a0\u00bb header_2_font_size_last_edited=\u00a0\u00bbon|desktop\u00a0\u00bb header_2_line_height_tablet=\u00a0\u00bb26px\u00a0\u00bb header_2_line_height_phone=\u00a0\u00bb26px\u00a0\u00bb header_2_line_height_last_edited=\u00a0\u00bbon|tablet\u00a0\u00bb global_module=\u00a0\u00bb2319&Prime; saved_tabs=\u00a0\u00bball\u00a0\u00bb global_colors_info=\u00a0\u00bb{}\u00a0\u00bb]<\/p>\n<h2 style=\"text-align: center;\"><strong>INDOCHINE 1954 \/ 2024<\/strong><\/h2>\n<hr style=\"text-align: center; height: 6px; background-color: #fff; margin-bottom: 25px;\" \/>\n<p style=\"text-align: center;\"><span style=\"font-size: x-large;\">D\u00e9couvrez notre dossier sp\u00e9cial<br \/>\u201c70 ANS APR\u00c8S\u201c<br \/>dans le dernier num\u00e9ro<\/span><\/p>\n<p><img loading=\"lazy\" decoding=\"async\" class=\"aligncenter wp-image-2068 size-full\" src=\"https:\/\/swp-dev.com\/asaf-test\/wp-content\/uploads\/2024\/04\/revue-engagement-indochine-avec-ombre-423x603-1.png\" alt=\"\" width=\"365\" height=\"520\" srcset=\"https:\/\/swp-dev.com\/asaf-test\/wp-content\/uploads\/2024\/04\/revue-engagement-indochine-avec-ombre-423x603-1.png 423w, https:\/\/swp-dev.com\/asaf-test\/wp-content\/uploads\/2024\/04\/revue-engagement-indochine-avec-ombre-423x603-1-210x300.png 210w\" sizes=\"auto, (max-width: 365px) 100vw, 365px\" \/><\/p>\n<p style=\"text-align: center;\">Cliquez ici &gt;&gt;<\/p>\n<p>[\/et_pb_text][\/et_pb_column][et_pb_column type=\u00a0\u00bb1_3&Prime; _builder_version=\u00a0\u00bb4.25.0&Prime; _module_preset=\u00a0\u00bbdefault\u00a0\u00bb custom_padding=\u00a0\u00bb|0px||0px|false|true\u00a0\u00bb custom_css_main_element=\u00a0\u00bbwidth:25.5vw!important;margin: 0 4vw 0 0 !important;\u00a0\u00bb global_colors_info=\u00a0\u00bb{}\u00a0\u00bb][et_pb_text admin_label=\u00a0\u00bbTexte Orga 1&Prime; _builder_version=\u00a0\u00bb4.25.0&Prime; _module_preset=\u00a0\u00bbdefault\u00a0\u00bb header_2_font=\u00a0\u00bb|||on|||||\u00a0\u00bb header_2_text_color=\u00a0\u00bb#00407D\u00a0\u00bb header_3_font=\u00a0\u00bb|||on|||||\u00a0\u00bb header_3_text_color=\u00a0\u00bb#00407D\u00a0\u00bb global_colors_info=\u00a0\u00bb{}\u00a0\u00bb]<\/p>\n<h2>CONSEIL D\u2019ADMINISTRATION<\/h2>\n<p><strong>Marc ALLAMAND<\/strong><br \/>Officier g\u00e9n\u00e9ral (2s) Terre<br \/><strong>G\u00e9rard CHAPUT<\/strong><br \/>M\u00e9decin Chef (er)<br \/><strong>Christian CHATILLON<\/strong><br \/>Colonel (er)<br \/><strong>Jean-Fran\u00e7ois COUCHOUD<\/strong><br \/>Colonel (er) Terre<br \/><strong>Jean-Louis ESQUIVIE<\/strong><br \/>Officier g\u00e9n\u00e9ral (2s) Gendarmerie<br \/><strong>Claude JAECK<\/strong><br \/>Conseiller en strat\u00e9gie (Chine, Asie)<br \/><strong>Didier JAVOY<\/strong><br \/>Commissaire des Arm\u00e9es (er)<br \/><strong>Serge de KLEBNIKOFF<\/strong><br \/>Pr\u00e9sident de l&rsquo;ASAF<br \/><strong>Philippe LOUGES<\/strong><br \/>Capitaine de vaisseau (er)<br \/><strong>Jean PACHET<\/strong><br \/>Fonctionnaire civil (ret)<br \/><strong>Xavier PA\u00cfTARD<\/strong><br \/>Vice-amiral d\u2019escadre (2S)<br \/><strong>Louis-Alain ROCHE<\/strong><br \/>Ing\u00e9nieur g\u00e9n\u00e9ral de l\u2019Armement (2S)<br \/><strong>Alain ROUX<\/strong><br \/>Expert-comptable honoraire<br \/><strong>Daniel TISSERAND<\/strong><br \/>Cadre d&rsquo;entreprise<br \/><strong>Philippe THIRION<\/strong><br \/>Entrepreneur, \u00e9lu local (ret)<br \/><strong>Pascal TRAN-HUU<\/strong><br \/>Officier sup\u00e9rieur (er) Terre<\/p>\n<h2>BUREAU<\/h2>\n<p>Pr\u00e9sident :<br \/><strong>Serge de KLEBNIKOFF<\/strong><br \/>D\u00e9l\u00e9gu\u00e9 national :<br \/><strong>Christian CHATILLON<\/strong><br \/>Tr\u00e9sorier :<br \/><strong>Alain ROUX<\/strong><\/p>\n<h2>SECR\u00c9TARIAT<\/h2>\n<p><strong>Muriel DELHUMEAU<\/strong><\/p>\n<h2>ADH\u00c9SIONS<\/h2>\n<p><strong>Sylvie MONNET<\/strong><\/p>\n<h2>ADMINISTRATION DU SITE<\/h2>\n<p><strong>Laure FANJEAU<\/strong><\/p>\n<p>[\/et_pb_text][\/et_pb_column][et_pb_column type=\u00a0\u00bb1_3&Prime; _builder_version=\u00a0\u00bb4.25.0&Prime; _module_preset=\u00a0\u00bbdefault\u00a0\u00bb custom_padding=\u00a0\u00bb|0px||0px|false|true\u00a0\u00bb custom_css_main_element=\u00a0\u00bbwidth:25.5vw!important;margin:0!important;\u00a0\u00bb global_colors_info=\u00a0\u00bb{}\u00a0\u00bb][et_pb_text admin_label=\u00a0\u00bbTexte Orga 2&Prime; _builder_version=\u00a0\u00bb4.25.0&Prime; _module_preset=\u00a0\u00bbdefault\u00a0\u00bb header_2_font=\u00a0\u00bb|||on|||||\u00a0\u00bb header_2_text_color=\u00a0\u00bb#00407D\u00a0\u00bb header_3_font=\u00a0\u00bb|||on|||||\u00a0\u00bb header_3_text_color=\u00a0\u00bb#00407D\u00a0\u00bb global_colors_info=\u00a0\u00bb{}\u00a0\u00bb]<\/p>\n<h2>COORDONNATEURS R\u00c9GIONAUX<\/h2>\n<p>Auvergne-Rh\u00f4ne-Alpes :<br \/><strong>Roland MINODIER<\/strong><br \/>Centre-Val de Loire :<br \/><strong>Didier JAVOY<\/strong><br \/>Hauts-de-France :<br \/><strong>Ludovic LEFEBVRE<\/strong><br \/>Ile-de-France :<br \/><strong>Pierre-Marie GIARD<\/strong><br \/>M\u00e9diterran\u00e9e :<br \/><strong>Marc ALLAMAND<\/strong><br \/>Sud-Ouest :<br \/><strong>Pierre ZAMMIT<\/strong><\/p>\n<h2>D\u00c9L\u00c9GU\u00c9S D\u00c9PARTEMENTAUX<\/h2>\n<p>85 d\u00e9l\u00e9gu\u00e9s et correspondants animent le r\u00e9seau des adh\u00e9rents et sympathisants dans les d\u00e9partements.<br \/>Ils relaient et d\u00e9multiplient localement l&rsquo;action de l&rsquo;ASAF et transmettent au bureau de l&rsquo;Association \u00e0 Paris leurs activit\u00e9s et les informations de niveau national.<br \/>Ils travaillent en liaison \u00e9troite avec les associations d\u00e9partementales partageant des buts communs.<br \/>Le si\u00e8ge leur fournit un certain nombre de moyens pour conduire efficacement leur action.<\/p>\n<h2>NOS MEMBRES<\/h2>\n<p>Ils sont 4 000 adh\u00e9rents cotisants provenant de tous les horizons sociaux, professionnels et g\u00e9ographiques dont 300 associations regroupant plusieurs centaines de milliers de membres.<\/p>\n<h2>NOTRE R\u00c9SEAU<\/h2>\n<p>L&rsquo;ASAF fait partie :\u00a0<br \/>\u2022 du \u00ab\u00a0GROUPE DES 12\u00a0\u00bb qui regroupe les 12 grandes associations repr\u00e9sentatives du monde combattant, r\u00e9guli\u00e8rement consult\u00e9es par le Ministre de la D\u00e9fense,<br \/>\u2022 de la F\u00c9D\u00c9RATION NATIONALE ANDR\u00c9 MAGINOT (FNAM),<br \/>\u2022 du COMITE NATIONAL D\u2019ENTENTE qui regroupe 64 associations nationales militaires.<\/p>\n<p>[\/et_pb_text][\/et_pb_column][\/et_pb_row][et_pb_row column_structure=\u00a0\u00bb1_3,1_3,1_3&Prime; use_custom_gutter=\u00a0\u00bbon\u00a0\u00bb gutter_width=\u00a0\u00bb1&Prime; admin_label=\u00a0\u00bbLigne bordure haute 3 colonnes bleu blanc rouge 3&#215;30%\u00a0\u00bb _builder_version=\u00a0\u00bb4.24.3&Prime; _module_preset=\u00a0\u00bbdefault\u00a0\u00bb width=\u00a0\u00bb100vw\u00a0\u00bb max_width=\u00a0\u00bb100vw\u00a0\u00bb module_alignment=\u00a0\u00bbcenter\u00a0\u00bb custom_margin=\u00a0\u00bb|0px||0px|false|true\u00a0\u00bb custom_padding=\u00a0\u00bb|5vw||5vw|false|true\u00a0\u00bb global_module=\u00a0\u00bb2002&Prime; collapsed=\u00a0\u00bbon\u00a0\u00bb global_colors_info=\u00a0\u00bb{}\u00a0\u00bb][et_pb_column type=\u00a0\u00bb1_3&Prime; _builder_version=\u00a0\u00bb4.24.3&Prime; _module_preset=\u00a0\u00bbdefault\u00a0\u00bb custom_padding=\u00a0\u00bb0px||0px||true|false\u00a0\u00bb border_width_top=\u00a0\u00bb10px\u00a0\u00bb border_color_top=\u00a0\u00bb#00407D\u00a0\u00bb global_colors_info=\u00a0\u00bb{}\u00a0\u00bb][et_pb_text admin_label=\u00a0\u00bbTexte Abonnez-vous \u00e0 \u00ab l\u2019\u0152il de l\u2019ASAF\u00bb(lettre d\u2019infos mensuelle gratuite)>>\u00a0\u00bb _builder_version=\u00a0\u00bb4.24.3&Prime; _module_preset=\u00a0\u00bbdefault\u00a0\u00bb text_text_color=\u00a0\u00bb#00407D\u00a0\u00bb text_font_size=\u00a0\u00bb18px\u00a0\u00bb link_text_color=\u00a0\u00bb#00407D\u00a0\u00bb custom_margin=\u00a0\u00bb0px||||false|false\u00a0\u00bb custom_padding=\u00a0\u00bb20px||||false|false\u00a0\u00bb global_colors_info=\u00a0\u00bb{}\u00a0\u00bb]<\/p>\n<p style=\"text-align: center;\"><a classe=\"bleu\" href=\"https:\/\/swp-dev.com\/asaf-test\/boutique\/revues\/\" target=\"_blank\" rel=\"noopener\">Abonnez-vous \u00e0 \u00ab l\u2019\u0152il de l\u2019ASAF\u00bb<br \/>(lettre d\u2019infos mensuelle gratuite)<br \/>&gt;&gt;<\/a><\/p>\n<p>[\/et_pb_text][\/et_pb_column][et_pb_column type=\u00a0\u00bb1_3&Prime; _builder_version=\u00a0\u00bb4.24.3&Prime; _module_preset=\u00a0\u00bbdefault\u00a0\u00bb custom_padding=\u00a0\u00bb0px||0px||true|false\u00a0\u00bb border_width_top=\u00a0\u00bb10px\u00a0\u00bb border_color_top=\u00a0\u00bb#FFFFFF\u00a0\u00bb global_colors_info=\u00a0\u00bb{}\u00a0\u00bb][et_pb_text admin_label=\u00a0\u00bbTexte Vous souhaitez rejoindre l\u2019ASAF ?<br \/>\nCliquez ici<br \/>\n>>\u00a0\u00bb _builder_version=\u00a0\u00bb4.24.3&Prime; _module_preset=\u00a0\u00bbdefault\u00a0\u00bb text_text_color=\u00a0\u00bb#333333&Prime; text_font_size=\u00a0\u00bb18px\u00a0\u00bb link_text_color=\u00a0\u00bb#333333&Prime; custom_margin=\u00a0\u00bb0px||||false|false\u00a0\u00bb custom_padding=\u00a0\u00bb20px||||false|false\u00a0\u00bb global_colors_info=\u00a0\u00bb{}\u00a0\u00bb]<\/p>\n<p style=\"text-align: center;\"><a style=\"color: #333;\" href=\"https:\/\/swp-dev.com\/asaf-test\/l-asaf\/adherer-a-l-asaf\/\" target=\"_blank\" rel=\"noopener\">Vous souhaitez rejoindre l\u2019ASAF ?<br \/>Cliquez ici<br \/>&gt;&gt;<\/a><\/p>\n<p>[\/et_pb_text][\/et_pb_column][et_pb_column type=\u00a0\u00bb1_3&Prime; _builder_version=\u00a0\u00bb4.24.3&Prime; _module_preset=\u00a0\u00bbdefault\u00a0\u00bb custom_padding=\u00a0\u00bb0px||0px||true|false\u00a0\u00bb border_width_top=\u00a0\u00bb10px\u00a0\u00bb border_color_top=\u00a0\u00bb#AB0100&Prime; global_colors_info=\u00a0\u00bb{}\u00a0\u00bb][et_pb_text admin_label=\u00a0\u00bbTexte Commander le dernier num\u00e9ro<br \/>\nde la revue ENGAGEMENT<br \/>\n>>\u00a0\u00bb _builder_version=\u00a0\u00bb4.24.3&Prime; _module_preset=\u00a0\u00bbdefault\u00a0\u00bb text_text_color=\u00a0\u00bb#AB0100&Prime; text_font_size=\u00a0\u00bb18px\u00a0\u00bb link_text_color=\u00a0\u00bb#AB0100&Prime; custom_padding=\u00a0\u00bb20px||||false|false\u00a0\u00bb global_colors_info=\u00a0\u00bb{}\u00a0\u00bb]<\/p>\n<p style=\"text-align: center;\"><a class=\"rouge\" href=\"https:\/\/swp-dev.com\/asaf-test\/nos-actualites\/revue-dernier-numero\/\" target=\"_blank\" rel=\"noopener\">Commander le dernier num\u00e9ro<br \/>de la revue ENGAGEMENT<br \/>&gt;&gt;<\/a><\/p>\n<p>[\/et_pb_text][\/et_pb_column][\/et_pb_row][\/et_pb_section]<\/p>\n","protected":false},"excerpt":{"rendered":"<p>L&rsquo;organisation ASAF Mieux nous conna\u00eetre ? Savoir qui fait quoi \u00e0 l\u2019ASAF ? Toutes les infos sont ici.Vous \u00eates int\u00e9ress\u00e9 par un r\u00f4le actif au sein de notre association ou un soutien quel qu\u2019il soit ?N\u2019h\u00e9sitez pas \u00e0 nous contacter : secretariatpresidence@asafrance.frRecevez chaque mois notre lettre d&rsquo;information INDOCHINE 1954 \/ 2024 D\u00e9couvrez notre dossier sp\u00e9cial\u201c70 [&hellip;]<\/p>\n","protected":false},"author":1,"featured_media":0,"parent":383,"menu_order":20,"comment_status":"closed","ping_status":"closed","template":"","meta":{"_et_pb_use_builder":"on","_et_pb_old_content":"<h1>Th\u00e9matiques<\/h1>","_et_gb_content_width":"","footnotes":""},"class_list":["post-933","page","type-page","status-publish","hentry"],"_links":{"self":[{"href":"https:\/\/swp-dev.com\/asaf-test\/wp-json\/wp\/v2\/pages\/933","targetHints":{"allow":["GET"]}}],"collection":[{"href":"https:\/\/swp-dev.com\/asaf-test\/wp-json\/wp\/v2\/pages"}],"about":[{"href":"https:\/\/swp-dev.com\/asaf-test\/wp-json\/wp\/v2\/types\/page"}],"author":[{"embeddable":true,"href":"https:\/\/swp-dev.com\/asaf-test\/wp-json\/wp\/v2\/users\/1"}],"replies":[{"embeddable":true,"href":"https:\/\/swp-dev.com\/asaf-test\/wp-json\/wp\/v2\/comments?post=933"}],"version-history":[{"count":8,"href":"https:\/\/swp-dev.com\/asaf-test\/wp-json\/wp\/v2\/pages\/933\/revisions"}],"predecessor-version":[{"id":2929,"href":"https:\/\/swp-dev.com\/asaf-test\/wp-json\/wp\/v2\/pages\/933\/revisions\/2929"}],"up":[{"embeddable":true,"href":"https:\/\/swp-dev.com\/asaf-test\/wp-json\/wp\/v2\/pages\/383"}],"wp:attachment":[{"href":"https:\/\/swp-dev.com\/asaf-test\/wp-json\/wp\/v2\/media?parent=933"}],"curies":[{"name":"wp","href":"https:\/\/api.w.org\/{rel}","templated":true}]}}