{"id":934,"date":"2024-03-01T09:50:35","date_gmt":"2024-03-01T08:50:35","guid":{"rendered":"https:\/\/swp-dev.com\/asaf-test\/?page_id=934"},"modified":"2024-04-28T17:02:36","modified_gmt":"2024-04-28T15:02:36","slug":"nos-statuts","status":"publish","type":"page","link":"https:\/\/swp-dev.com\/asaf-test\/l-asaf\/nos-statuts\/","title":{"rendered":"Nos statuts"},"content":{"rendered":"<p>[et_pb_section fb_built=\u00a0\u00bb1&Prime; admin_label=\u00a0\u00bbSection Th\u00e9matiques\u00a0\u00bb _builder_version=\u00a0\u00bb4.24.2&Prime; custom_margin=\u00a0\u00bb0px||||false|false\u00a0\u00bb custom_padding=\u00a0\u00bb0px||||false|false\u00a0\u00bb global_colors_info=\u00a0\u00bb{}\u00a0\u00bb][et_pb_row _builder_version=\u00a0\u00bb4.24.3&Prime; background_size=\u00a0\u00bbinitial\u00a0\u00bb background_position=\u00a0\u00bbtop_left\u00a0\u00bb background_repeat=\u00a0\u00bbrepeat\u00a0\u00bb width=\u00a0\u00bb100%\u00a0\u00bb max_width=\u00a0\u00bb100%\u00a0\u00bb module_alignment=\u00a0\u00bbcenter\u00a0\u00bb custom_margin=\u00a0\u00bb0px|0px||0px|false|true\u00a0\u00bb custom_padding=\u00a0\u00bb0px|0px||0px|false|true\u00a0\u00bb global_colors_info=\u00a0\u00bb{}\u00a0\u00bb][et_pb_column type=\u00a0\u00bb4_4&Prime; _builder_version=\u00a0\u00bb4.16&Prime; custom_padding=\u00a0\u00bb|||\u00a0\u00bb global_colors_info=\u00a0\u00bb{}\u00a0\u00bb custom_padding__hover=\u00a0\u00bb|||\u00a0\u00bb][et_pb_image src=\u00a0\u00bbhttps:\/\/swp-dev.com\/asaf-test\/wp-content\/uploads\/2024\/04\/bandeau-nos-statuts-1900&#215;290-1.jpg\u00a0\u00bb title_text=\u00a0\u00bbbandeau-nos-statuts-1900&#215;290&Prime; align=\u00a0\u00bbcenter\u00a0\u00bb force_fullwidth=\u00a0\u00bbon\u00a0\u00bb admin_label=\u00a0\u00bbImage 1900&#215;290&Prime; _builder_version=\u00a0\u00bb4.25.0&Prime; _module_preset=\u00a0\u00bbdefault\u00a0\u00bb global_colors_info=\u00a0\u00bb{}\u00a0\u00bb][\/et_pb_image][et_pb_text admin_label=\u00a0\u00bbh1 ASAF : nos statuts\u00a0\u00bb _builder_version=\u00a0\u00bb4.25.0&Prime; text_font=\u00a0\u00bb|600|||||||\u00a0\u00bb header_font=\u00a0\u00bb|||on|||||\u00a0\u00bb hover_enabled=\u00a0\u00bb0&Prime; global_colors_info=\u00a0\u00bb{}\u00a0\u00bb _module_preset=\u00a0\u00bb96bf8191-23c7-47ba-bd5e-9226766feec2&Prime; sticky_enabled=\u00a0\u00bb0&Prime;]<\/p>\n<h1 style=\"text-align: center;\"><strong>ASAF : nos statuts<\/strong><\/h1>\n<p style=\"text-align: center;\">Extraits des statuts officiels de l\u2019association de soutien \u00e0 l\u2019arm\u00e9e fran\u00e7aise<br \/>r\u00e9vis\u00e9s le 25 avril 2017.<\/p>\n<p>[\/et_pb_text][\/et_pb_column][\/et_pb_row][et_pb_row column_structure=\u00a0\u00bb2_5,3_5&Prime; _builder_version=\u00a0\u00bb4.25.0&Prime; _module_preset=\u00a0\u00bbdefault\u00a0\u00bb width=\u00a0\u00bb100%\u00a0\u00bb max_width=\u00a0\u00bb100%\u00a0\u00bb module_alignment=\u00a0\u00bbcenter\u00a0\u00bb custom_margin=\u00a0\u00bb40px|0px|40px|0px|false|true\u00a0\u00bb custom_padding=\u00a0\u00bb0px|5vw|0px|5vw|true|true\u00a0\u00bb global_colors_info=\u00a0\u00bb{}\u00a0\u00bb][et_pb_column type=\u00a0\u00bb2_5&Prime; _builder_version=\u00a0\u00bb4.24.3&Prime; _module_preset=\u00a0\u00bbdefault\u00a0\u00bb custom_padding=\u00a0\u00bb|0px||0px|false|true\u00a0\u00bb custom_css_main_element=\u00a0\u00bbwidth:30vw!important;margin:0 4vw 0 0!important;\u00a0\u00bb global_colors_info=\u00a0\u00bb{}\u00a0\u00bb][et_pb_text admin_label=\u00a0\u00bbTexte revue Engagement\u00a0\u00bb _builder_version=\u00a0\u00bb4.25.0&Prime; _dynamic_attributes=\u00a0\u00bblink_option_url\u00a0\u00bb _module_preset=\u00a0\u00bbdefault\u00a0\u00bb text_text_color=\u00a0\u00bb#FFFFFF\u00a0\u00bb text_font_size=\u00a0\u00bb20px\u00a0\u00bb header_2_text_color=\u00a0\u00bb#FFFFFF\u00a0\u00bb header_2_font_size=\u00a0\u00bb36px\u00a0\u00bb header_2_line_height=\u00a0\u00bb40px\u00a0\u00bb background_color=\u00a0\u00bb#AB0100&Prime; custom_margin=\u00a0\u00bb0px|0px|0px|0px|false|true\u00a0\u00bb custom_padding=\u00a0\u00bb40px|2.5vw|40px|2.5vw|false|true\u00a0\u00bb link_option_url=\u00a0\u00bb@ET-DC@eyJkeW5hbWljIjp0cnVlLCJjb250ZW50IjoicG9zdF9saW5rX3VybF9wYWdlIiwic2V0dGluZ3MiOnsicG9zdF9pZCI6IjcwNCJ9fQ==@\u00a0\u00bb header_2_font_size_tablet=\u00a0\u00bb26px\u00a0\u00bb header_2_font_size_phone=\u00a0\u00bb22px\u00a0\u00bb header_2_font_size_last_edited=\u00a0\u00bbon|desktop\u00a0\u00bb header_2_line_height_tablet=\u00a0\u00bb26px\u00a0\u00bb header_2_line_height_phone=\u00a0\u00bb26px\u00a0\u00bb header_2_line_height_last_edited=\u00a0\u00bbon|tablet\u00a0\u00bb global_module=\u00a0\u00bb2319&Prime; saved_tabs=\u00a0\u00bball\u00a0\u00bb global_colors_info=\u00a0\u00bb{}\u00a0\u00bb]<\/p>\n<h2 style=\"text-align: center;\"><strong>INDOCHINE 1954 \/ 2024<\/strong><\/h2>\n<hr style=\"text-align: center; height: 6px; background-color: #fff; margin-bottom: 25px;\" \/>\n<p style=\"text-align: center;\"><span style=\"font-size: x-large;\">D\u00e9couvrez notre dossier sp\u00e9cial<br \/>\u201c70 ANS APR\u00c8S\u201c<br \/>dans le dernier num\u00e9ro<\/span><\/p>\n<p><img loading=\"lazy\" decoding=\"async\" class=\"aligncenter wp-image-2068 size-full\" src=\"https:\/\/swp-dev.com\/asaf-test\/wp-content\/uploads\/2024\/04\/revue-engagement-indochine-avec-ombre-423x603-1.png\" alt=\"\" width=\"365\" height=\"520\" srcset=\"https:\/\/swp-dev.com\/asaf-test\/wp-content\/uploads\/2024\/04\/revue-engagement-indochine-avec-ombre-423x603-1.png 423w, https:\/\/swp-dev.com\/asaf-test\/wp-content\/uploads\/2024\/04\/revue-engagement-indochine-avec-ombre-423x603-1-210x300.png 210w\" sizes=\"auto, (max-width: 365px) 100vw, 365px\" \/><\/p>\n<p style=\"text-align: center;\">Cliquez ici &gt;&gt;<\/p>\n<p>[\/et_pb_text][et_pb_image src=\u00a0\u00bbhttps:\/\/swp-dev.com\/asaf-test\/wp-content\/uploads\/2024\/04\/nos-statuts-col.png\u00a0\u00bb title_text=\u00a0\u00bbnos-statuts-col\u00a0\u00bb force_fullwidth=\u00a0\u00bbon\u00a0\u00bb admin_label=\u00a0\u00bbImage ONU\u00a0\u00bb _builder_version=\u00a0\u00bb4.25.0&Prime; _module_preset=\u00a0\u00bbdefault\u00a0\u00bb custom_margin=\u00a0\u00bb0px|0px|0px|0px|true|true\u00a0\u00bb custom_padding=\u00a0\u00bb0px|0px|0px|0px|true|true\u00a0\u00bb global_colors_info=\u00a0\u00bb{}\u00a0\u00bb][\/et_pb_image][\/et_pb_column][et_pb_column type=\u00a0\u00bb3_5&Prime; _builder_version=\u00a0\u00bb4.24.3&Prime; _module_preset=\u00a0\u00bbdefault\u00a0\u00bb custom_padding=\u00a0\u00bb|0px||0px|false|true\u00a0\u00bb custom_css_main_element=\u00a0\u00bbwidth:55vw!important;margin:0!important;\u00a0\u00bb global_colors_info=\u00a0\u00bb{}\u00a0\u00bb][et_pb_text admin_label=\u00a0\u00bbTexte extrait des statuts\u00a0\u00bb _builder_version=\u00a0\u00bb4.25.0&Prime; _module_preset=\u00a0\u00bbdefault\u00a0\u00bb header_2_font=\u00a0\u00bb|||on|||||\u00a0\u00bb header_2_text_color=\u00a0\u00bb#00407D\u00a0\u00bb header_3_font=\u00a0\u00bb|||on|||||\u00a0\u00bb header_3_text_color=\u00a0\u00bb#00407D\u00a0\u00bb global_colors_info=\u00a0\u00bb{}\u00a0\u00bb]<\/p>\n<h2><strong>Statuts de l&rsquo;ASAF<\/strong><\/h2>\n<p>&nbsp;<\/p>\n<p><span style=\"font-size: 24px; color: #ab0100;\"><strong class=\"majuscule\">Buts et composition de l&rsquo;association<\/strong><\/span><\/p>\n<p>&nbsp;<\/p>\n<h3>Article 1<sup>er<\/sup><\/h3>\n<p>L\u2019association d\u00e9nomm\u00e9e\u00a0<strong>Association de soutien \u00e0 l\u2019arm\u00e9e fran\u00e7aise\u00a0(ASAF)<\/strong> a pour but\u00a0:<\/p>\n<ol>\n<li>De promouvoir l\u2019esprit de d\u00e9fense chez tous les Fran\u00e7ais et, en particulier, chez les jeunes et de les sensibiliser aux questions de d\u00e9fense et de s\u00e9curit\u00e9.<\/li>\n<li>De rappeler aux autorit\u00e9s politiques leurs responsabilit\u00e9s en mati\u00e8re de d\u00e9fense et de les inciter \u00e0 doter nos arm\u00e9es des moyens n\u00e9cessaires \u00e0 l\u2019accomplissement de leurs missions.<\/li>\n<li>D\u2019agir en faveur des int\u00e9r\u00eats moraux, mat\u00e9riels et sociaux de ceux qui servent ou ont servi dans l\u2019arm\u00e9e fran\u00e7aise y compris en exer\u00e7ant devant la justice les droits reconnus \u00e0 la partie civile.<\/li>\n<li>De transmettre aux g\u00e9n\u00e9rations suivantes la m\u00e9moire de notre histoire militaire comme faisant partie de notre patrimoine culturel et \u00a0les le\u00e7ons \u00e0 en tirer pour l\u2019avenir, ainsi que de faciliter leur acc\u00e8s au patrimoine militaire.<\/li>\n<\/ol>\n<p>La dur\u00e9e de l\u2019association est illimit\u00e9e. Elle a son si\u00e8ge \u00e0 Paris.<\/p>\n<h3>Article 2\u00a0:<\/h3>\n<p>L\u2019association de soutien \u00e0 l\u2019arm\u00e9e fran\u00e7aise dispose de la personnalit\u00e9 morale. Pour l\u2019aider \u00e0 remplir sa mission, la cr\u00e9ation de d\u00e9l\u00e9gations d\u00e9partementales \u00e0 l\u2019initiative du conseil d\u2019administration de l\u2019association est recherch\u00e9e.Ces d\u00e9l\u00e9gations agissent en liaison \u00e9troite avec le bureau et ne peuvent avoir d\u2019activit\u00e9s propres que si le conseil d\u2019administration a consenti, \u00e0 une ou deux personnes prenant en charge ces activit\u00e9s, une d\u00e9l\u00e9gation de pouvoir leur permettant d\u2019engager l\u2019association envers un tiers.Ces d\u00e9l\u00e9gations sont une \u00e9manation de l\u2019association. Elles sont d\u00e9nu\u00e9es de la personnalit\u00e9 juridique. Administr\u00e9es en application des pr\u00e9sents statuts, elles doivent adresser au pr\u00e9sident de l\u2019association les proc\u00e8s-verbaux de toutes les r\u00e9unions qu\u2019elles organisent au profit des membres du d\u00e9partement de m\u00eame qu\u2019un compte-rendu annuel de \u00a0leur gestion.<\/p>\n<h3>Article 3\u00a0:<\/h3>\n<p>L\u2019association est ouverte \u00e0 tous ceux et toutes celles, de tous \u00e2ges, Fran\u00e7ais et \u00e9trangers, qui souhaitent participer \u00e0 sa mission.Elle se compose de personnes physiques ou morales r\u00e9parties en :<\/p>\n<ul>\n<li>membres actifs,<\/li>\n<li>membres bienfaiteurs,<\/li>\n<li>membres d\u2019honneur.<\/li>\n<\/ul>\n<p>Les adh\u00e9sions peuvent avoir lieu tout au long de l\u2019ann\u00e9e. A partir du 1er\u00a0octobre, elles comptent pour l\u2019ann\u00e9e suivante.Le titre de membre bienfaiteur peut \u00eatre attribu\u00e9 sur d\u00e9cision du Conseil d\u2019administration (CA) aux personnes ayant apport\u00e9 une aide financi\u00e8re exceptionnelleLe titre de membre d\u2019honneur peut \u00eatre d\u00e9cern\u00e9 sur d\u00e9cision du CA aux personnes qui rendent ou ont rendu des services signal\u00e9s \u00e0 l\u2019association.<\/p>\n<h3>Article 4\u00a0:<\/h3>\n<p>La qualit\u00e9 de membre de l\u2019association de soutien \u00e0 l\u2019arm\u00e9e fran\u00e7aise se perd par\u00a0:<\/p>\n<ol>\n<li>La d\u00e9mission.<\/li>\n<li>Le non-paiement de la cotisation annuelle durant deux exercices successifs.<\/li>\n<li>La radiation prononc\u00e9e pour motifs graves par le conseil d\u2019administration, apr\u00e8s enqu\u00eate contradictoire prescrite par le pr\u00e9sident.<\/li>\n<\/ol>\n<p>En cas d\u2019urgence, la suspension de la qualit\u00e9 de membre de l\u2019association ou celle de tout titulaire d\u2019une fonction peut \u00eatre prononc\u00e9e par le pr\u00e9sident, d\u00e9cision qui est ensuite soumise \u00e0 l\u2019approbation du conseil d\u2019administration.La d\u00e9cision de radiation est susceptible de recours devant l\u2019assembl\u00e9e g\u00e9n\u00e9rale.<\/p>\n<h3>Article 5\u00a0:<\/h3>\n<p>L\u2019association de soutien \u00e0 l\u2019arm\u00e9e fran\u00e7aise observe la plus stricte neutralit\u00e9 dans les domaines politique, syndical, religieux et philosophique. Ses membres ne peuvent se pr\u00e9valoir de leur appartenance \u00e0 l\u2019association pour toute activit\u00e9 \u00e9trang\u00e8re \u00e0 sa mission.[\/et_pb_text][\/et_pb_column][\/et_pb_row][et_pb_row column_structure=\u00a0\u00bb1_3,1_3,1_3&Prime; use_custom_gutter=\u00a0\u00bbon\u00a0\u00bb gutter_width=\u00a0\u00bb1&Prime; admin_label=\u00a0\u00bbLigne bordure haute 3 colonnes bleu blanc rouge 3&#215;30%\u00a0\u00bb _builder_version=\u00a0\u00bb4.24.3&Prime; _module_preset=\u00a0\u00bbdefault\u00a0\u00bb width=\u00a0\u00bb100vw\u00a0\u00bb max_width=\u00a0\u00bb100vw\u00a0\u00bb module_alignment=\u00a0\u00bbcenter\u00a0\u00bb custom_margin=\u00a0\u00bb|0px||0px|false|true\u00a0\u00bb custom_padding=\u00a0\u00bb|5vw||5vw|false|true\u00a0\u00bb global_module=\u00a0\u00bb2002&Prime; collapsed=\u00a0\u00bbon\u00a0\u00bb global_colors_info=\u00a0\u00bb{}\u00a0\u00bb][et_pb_column type=\u00a0\u00bb1_3&Prime; _builder_version=\u00a0\u00bb4.24.3&Prime; _module_preset=\u00a0\u00bbdefault\u00a0\u00bb custom_padding=\u00a0\u00bb0px||0px||true|false\u00a0\u00bb border_width_top=\u00a0\u00bb10px\u00a0\u00bb border_color_top=\u00a0\u00bb#00407D\u00a0\u00bb global_colors_info=\u00a0\u00bb{}\u00a0\u00bb][et_pb_text admin_label=\u00a0\u00bbTexte Abonnez-vous \u00e0 \u00ab l\u2019\u0152il de l\u2019ASAF\u00bb(lettre d\u2019infos mensuelle gratuite)>>\u00a0\u00bb _builder_version=\u00a0\u00bb4.24.3&Prime; _module_preset=\u00a0\u00bbdefault\u00a0\u00bb text_text_color=\u00a0\u00bb#00407D\u00a0\u00bb text_font_size=\u00a0\u00bb18px\u00a0\u00bb link_text_color=\u00a0\u00bb#00407D\u00a0\u00bb custom_margin=\u00a0\u00bb0px||||false|false\u00a0\u00bb custom_padding=\u00a0\u00bb20px||||false|false\u00a0\u00bb global_colors_info=\u00a0\u00bb{}\u00a0\u00bb]<\/p>\n<p style=\"text-align: center;\"><a classe=\"bleu\" href=\"https:\/\/swp-dev.com\/asaf-test\/boutique\/revues\/\" target=\"_blank\" rel=\"noopener\">Abonnez-vous \u00e0 \u00ab l\u2019\u0152il de l\u2019ASAF\u00bb<br \/>(lettre d\u2019infos mensuelle gratuite)<br \/>&gt;&gt;<\/a><\/p>\n<p>[\/et_pb_text][\/et_pb_column][et_pb_column type=\u00a0\u00bb1_3&Prime; _builder_version=\u00a0\u00bb4.24.3&Prime; _module_preset=\u00a0\u00bbdefault\u00a0\u00bb custom_padding=\u00a0\u00bb0px||0px||true|false\u00a0\u00bb border_width_top=\u00a0\u00bb10px\u00a0\u00bb border_color_top=\u00a0\u00bb#FFFFFF\u00a0\u00bb global_colors_info=\u00a0\u00bb{}\u00a0\u00bb][et_pb_text admin_label=\u00a0\u00bbTexte Vous souhaitez rejoindre l\u2019ASAF ?<br \/>\nCliquez ici<br \/>\n>>\u00a0\u00bb _builder_version=\u00a0\u00bb4.24.3&Prime; _module_preset=\u00a0\u00bbdefault\u00a0\u00bb text_text_color=\u00a0\u00bb#333333&Prime; text_font_size=\u00a0\u00bb18px\u00a0\u00bb link_text_color=\u00a0\u00bb#333333&Prime; custom_margin=\u00a0\u00bb0px||||false|false\u00a0\u00bb custom_padding=\u00a0\u00bb20px||||false|false\u00a0\u00bb global_colors_info=\u00a0\u00bb{}\u00a0\u00bb]<\/p>\n<p style=\"text-align: center;\"><a style=\"color: #333;\" href=\"https:\/\/swp-dev.com\/asaf-test\/l-asaf\/adherer-a-l-asaf\/\" target=\"_blank\" rel=\"noopener\">Vous souhaitez rejoindre l\u2019ASAF ?<br \/>Cliquez ici<br \/>&gt;&gt;<\/a><\/p>\n<p>[\/et_pb_text][\/et_pb_column][et_pb_column type=\u00a0\u00bb1_3&Prime; _builder_version=\u00a0\u00bb4.24.3&Prime; _module_preset=\u00a0\u00bbdefault\u00a0\u00bb custom_padding=\u00a0\u00bb0px||0px||true|false\u00a0\u00bb border_width_top=\u00a0\u00bb10px\u00a0\u00bb border_color_top=\u00a0\u00bb#AB0100&Prime; global_colors_info=\u00a0\u00bb{}\u00a0\u00bb][et_pb_text admin_label=\u00a0\u00bbTexte Commander le dernier num\u00e9ro<br \/>\nde la revue ENGAGEMENT<br \/>\n>>\u00a0\u00bb _builder_version=\u00a0\u00bb4.24.3&Prime; _module_preset=\u00a0\u00bbdefault\u00a0\u00bb text_text_color=\u00a0\u00bb#AB0100&Prime; text_font_size=\u00a0\u00bb18px\u00a0\u00bb link_text_color=\u00a0\u00bb#AB0100&Prime; custom_padding=\u00a0\u00bb20px||||false|false\u00a0\u00bb global_colors_info=\u00a0\u00bb{}\u00a0\u00bb]<\/p>\n<p style=\"text-align: center;\"><a class=\"rouge\" href=\"https:\/\/swp-dev.com\/asaf-test\/nos-actualites\/revue-dernier-numero\/\" target=\"_blank\" rel=\"noopener\">Commander le dernier num\u00e9ro<br \/>de la revue ENGAGEMENT<br \/>&gt;&gt;<\/a><\/p>\n<p>[\/et_pb_text][\/et_pb_column][\/et_pb_row][\/et_pb_section]<\/p>\n","protected":false},"excerpt":{"rendered":"<p>ASAF : nos statuts Extraits des statuts officiels de l\u2019association de soutien \u00e0 l\u2019arm\u00e9e fran\u00e7aiser\u00e9vis\u00e9s le 25 avril 2017.INDOCHINE 1954 \/ 2024 D\u00e9couvrez notre dossier sp\u00e9cial\u201c70 ANS APR\u00c8S\u201cdans le dernier num\u00e9ro Cliquez ici &gt;&gt; Statuts de l&rsquo;ASAF &nbsp; Buts et composition de l&rsquo;association &nbsp; Article 1er L\u2019association d\u00e9nomm\u00e9e\u00a0Association de soutien \u00e0 l\u2019arm\u00e9e fran\u00e7aise\u00a0(ASAF) a pour [&hellip;]<\/p>\n","protected":false},"author":1,"featured_media":0,"parent":383,"menu_order":30,"comment_status":"closed","ping_status":"closed","template":"","meta":{"_et_pb_use_builder":"on","_et_pb_old_content":"<h1>Th\u00e9matiques<\/h1>","_et_gb_content_width":"","footnotes":""},"class_list":["post-934","page","type-page","status-publish","hentry"],"_links":{"self":[{"href":"https:\/\/swp-dev.com\/asaf-test\/wp-json\/wp\/v2\/pages\/934","targetHints":{"allow":["GET"]}}],"collection":[{"href":"https:\/\/swp-dev.com\/asaf-test\/wp-json\/wp\/v2\/pages"}],"about":[{"href":"https:\/\/swp-dev.com\/asaf-test\/wp-json\/wp\/v2\/types\/page"}],"author":[{"embeddable":true,"href":"https:\/\/swp-dev.com\/asaf-test\/wp-json\/wp\/v2\/users\/1"}],"replies":[{"embeddable":true,"href":"https:\/\/swp-dev.com\/asaf-test\/wp-json\/wp\/v2\/comments?post=934"}],"version-history":[{"count":10,"href":"https:\/\/swp-dev.com\/asaf-test\/wp-json\/wp\/v2\/pages\/934\/revisions"}],"predecessor-version":[{"id":2930,"href":"https:\/\/swp-dev.com\/asaf-test\/wp-json\/wp\/v2\/pages\/934\/revisions\/2930"}],"up":[{"embeddable":true,"href":"https:\/\/swp-dev.com\/asaf-test\/wp-json\/wp\/v2\/pages\/383"}],"wp:attachment":[{"href":"https:\/\/swp-dev.com\/asaf-test\/wp-json\/wp\/v2\/media?parent=934"}],"curies":[{"name":"wp","href":"https:\/\/api.w.org\/{rel}","templated":true}]}}